{"id":734,"date":"2025-03-04T12:14:19","date_gmt":"2025-03-04T12:14:19","guid":{"rendered":"https:\/\/capleni.ro\/?page_id=734"},"modified":"2025-08-05T13:53:21","modified_gmt":"2025-08-05T11:53:21","slug":"asistenta-sociala","status":"publish","type":"page","link":"https:\/\/capleni.ro\/?page_id=734","title":{"rendered":"Asisten\u021b\u0103 Social\u0103"},"content":{"rendered":"\r\n<p><a href=\"https:\/\/capleni.ro\/wp-content\/uploads\/2025\/08\/comunicat-de-presa.pdf\" target=\"_blank\" rel=\"noopener\">Clarific\u0103ri privind men\u021binerea calit\u0103\u021bii de asigurat \u00een sistemul public de s\u0103n\u0103tate pentru anumite categorii de beneficiari de presta\u021bii sociale<\/a><\/p>\r\n<p><a href=\"https:\/\/capleni.ro\/wp-content\/uploads\/2025\/04\/atributii-asistent-social-1.pdf\" target=\"_blank\" rel=\"noopener\">Atribu\u0163ii asistent social.<\/a><br \/><br \/><a href=\"https:\/\/capleni.ro\/wp-content\/uploads\/2025\/04\/referat-activitatea-asist-pers-1.pdf\" target=\"_blank\" rel=\"noopener\">Raportul Compartimentului de specialitate privind controlul periodic asupra activit\u0103\u0163ii asisten\u0163ilor personali.<\/a><br \/><br \/>Vrei sa beneficiezi de ajutorul pentru incalzire si suplimentul pentru energie?<br \/><br \/>Completeaza formularul de tip PDF inteligent Cerere-Declaratie pe proprie raspundere!<\/p>\r\n<p><a href=\"https:\/\/capleni.ro\/wp-content\/uploads\/2025\/04\/Cerere2021-1.pdf\" target=\"_blank\" rel=\"noopener\">DESCARCA CERERE \u2013 DECLARATIE PDF inteligent<\/a><\/p>\r\n<p><iframe loading=\"lazy\" title=\"Tutorial completare PDF Inteligent\" width=\"696\" height=\"392\" src=\"https:\/\/www.youtube.com\/embed\/O6-VZnimbeo?feature=oembed\" frameborder=\"0\" allow=\"accelerometer; autoplay; clipboard-write; encrypted-media; gyroscope; picture-in-picture; web-share\" referrerpolicy=\"strict-origin-when-cross-origin\" allowfullscreen><\/iframe><\/p>\r\n<h3 style=\"text-align: left;\">Ajutor social<\/h3>\r\n<p><a href=\"https:\/\/capleni.ro\/wp-content\/uploads\/2025\/04\/Cerere-acordare-VMI.pdf\" target=\"_blank\" rel=\"noopener\">Cerere pentru acordarea de drepturi de asisten\u021b\u0103 social\u0103<\/a><\/p>\r\n<p><a href=\"https:\/\/capleni.ro\/wp-content\/uploads\/2025\/04\/ANGAJAMENT_DE_PLATA_Venitul_Minim_de_Incluziune_VMI.pdf\" target=\"_blank\" rel=\"noopener\">Angajament de plat\u0103 privind servicii sociale<\/a><\/p>\r\n<p><a href=\"https:\/\/capleni.ro\/wp-content\/uploads\/2025\/03\/cerere-incadrare-persoane-fara-loc-de-munca-AJOFM.pdf\" target=\"_blank\" rel=\"noopener\">Cerere \u00eencadrare persoane f\u0103r\u0103 loc de munc\u0103 AJOFM<\/a><\/p>\r\n<p><a href=\"https:\/\/capleni.ro\/wp-content\/uploads\/2025\/03\/Cerere-pentru-acordarea-ajutorului-de-urgenta.pdf\" target=\"_blank\" rel=\"noopener\">Cerere pentru acordarea ajutorului de urgen\u021b\u0103<\/a><\/p>\r\n<p><a href=\"https:\/\/capleni.ro\/wp-content\/uploads\/2025\/04\/Anexa-nr.-12-Formular-de-solicitare-ajutor-de-urgenta.pdf\" target=\"_blank\" rel=\"noopener\"><span lang=\"ro-RO\">D<\/span>eclara\u021bie pe propria r\u0103spundere pentru solicitarea ajutorului de urgen\u021b\u0103<\/a><\/p>\r\n<p><a href=\"https:\/\/capleni.ro\/wp-content\/uploads\/2025\/04\/DECLARATIE_MODIFICARE_Venitul_Minim_de_Incluziune_VMI_.pdf\" target=\"_blank\" rel=\"noopener\"><span lang=\"ro-RO\">D<\/span>eclara\u021bie pe propria r\u0103spundere privind modific\u0103rile intervenite \u00een componen\u021ba familiei \u0219i\/sau veniturile acesteia<\/a><\/p>\r\n<p><a href=\"https:\/\/capleni.ro\/wp-content\/uploads\/2025\/04\/DECLARAtIE_PE_PROPRIA_RaSPUNDERE-_VENIT_GOSPODARIE_Venitul_Minim_de_Incluziune_VMI_.pdf\" target=\"_blank\" rel=\"noopener\">Declara\u021bie pe propria r\u0103spundere pentru venitul rezultat din gospod\u0103rirea \u00eempreun\u0103<\/a><\/p>\r\n<p><a href=\"https:\/\/capleni.ro\/wp-content\/uploads\/2025\/04\/Anexa-nr.-10-Fisa-verificare-pe-teren.pdf\" target=\"_blank\" rel=\"noopener\">Fi<span lang=\"ro-RO\">\u0219\u0103<\/span> de verificare <span lang=\"ro-RO\">\u00ee<\/span>n teren<\/a><\/p>\r\n<p><a href=\"https:\/\/capleni.ro\/wp-content\/uploads\/2025\/04\/formular-GDPR.pdf\" target=\"_blank\" rel=\"noopener\">Declaratie GDPR<\/a><\/p>\r\n<h3>Alocatie de stat<\/h3>\r\n<p><a href=\"https:\/\/capleni.ro\/wp-content\/uploads\/2025\/04\/cerere-aloc-stat.pdf\" target=\"_blank\" rel=\"noopener\">Cerere aloca\u021bie de stat pentru copii<\/a><\/p>\r\n<p><a href=\"https:\/\/capleni.ro\/wp-content\/uploads\/2025\/04\/Cerere-modificari-beneficii.pdf\" target=\"_blank\" rel=\"noopener\">Cerere de modificare beneficii sociale<\/a><\/p>\r\n<p><a href=\"https:\/\/capleni.ro\/wp-content\/uploads\/2025\/03\/Cerere-pt-acordarea-alocatiei-de-stat-peste-varsta-de-18-ani.pdf\" target=\"_blank\" rel=\"noopener\">Cerere pentru acordarea aloca\u021biei de stat peste v\u00e2rsta de 18 ani<\/a><\/p>\r\n<p><a href=\"https:\/\/capleni.ro\/wp-content\/uploads\/2025\/03\/Solicitare-alocatie-de-stat-personae-straine.pdf\" target=\"_blank\" rel=\"noopener\">Solicitare aloca\u021bie de stat personae str\u0103ine<\/a><\/p>\r\n<h3>\u00cendemniza\u021bie de cre\u0219tere a copilului<\/h3>\r\n<p><a href=\"https:\/\/capleni.ro\/wp-content\/uploads\/2025\/04\/Cerere-tip-stimulent-sau-ICC.pdf\" target=\"_blank\" rel=\"noopener\">Cerere pentru acordare \u00eendemniza\u021bie de cre\u0219terea a copilului, insertie lunar\u0103<\/a><\/p>\r\n<p><a href=\"https:\/\/capleni.ro\/wp-content\/uploads\/2025\/03\/Cerere-trecere-coasigurat-sot-sotie.pdf\" target=\"_blank\" rel=\"noopener\">Cerere trecere coasigurat so\u021b-so\u021bie<\/a><\/p>\r\n<p><a href=\"https:\/\/capleni.ro\/wp-content\/uploads\/2025\/04\/adeverinta-angajator.pdf\" target=\"_blank\" rel=\"noopener\">Adeverin<span lang=\"ro-RO\">\u021b\u0103 angajator<\/span><\/a><\/p>\r\n<h3>Persoane cu dizabilit\u0103\u021bi<\/h3>\r\n<p><a href=\"https:\/\/capleni.ro\/wp-content\/uploads\/2025\/03\/cerere-incetare-plata-indemnizatie-lunara.pdf\" target=\"_blank\" rel=\"noopener\">Cerere \u00eencetare plata indemniza\u021bie lunar\u0103<\/a><\/p>\r\n<p><a href=\"https:\/\/capleni.ro\/wp-content\/uploads\/2025\/03\/cerere-loc-de-parcare-gratuit.pdf\" target=\"_blank\" rel=\"noopener\">Cerere loc de parcare gratuit<\/a><\/p>\r\n<p><a href=\"https:\/\/capleni.ro\/wp-content\/uploads\/2025\/03\/Cerere-modificare-date-persoane-handicap.pdf\" target=\"_blank\" rel=\"noopener\">Cerere modificare date persoane handicap<\/a><\/p>\r\n<p><a href=\"https:\/\/capleni.ro\/wp-content\/uploads\/2025\/03\/cerere-obtinere-indemnizatie-sociala-pentru-ultimele-luni-in-caz-de-deces-a-beneficiarului.pdf\" target=\"_blank\" rel=\"noopener\">Cerere ob\u021binere \u00eendemniza\u021bie social\u0103 pentru ultimele luni \u00een caz de deces a beneficiarului<\/a><\/p>\r\n<p><a href=\"https:\/\/capleni.ro\/wp-content\/uploads\/2025\/03\/cerere-retrimitere-drepturi-banesti-din-diferite-motive.pdf\" target=\"_blank\" rel=\"noopener\">Cerere retrimitere drepturi b\u0103ne\u0219ti din diferite motive<\/a><\/p>\r\n<p><a href=\"https:\/\/capleni.ro\/wp-content\/uploads\/2025\/03\/cerere-solicitare-indemnizatie-insotitor.pdf\" target=\"_blank\" rel=\"noopener\">Cerere solicitare \u00eendemniza\u021bie \u00eenso\u021bitor<\/a><\/p>\r\n<h3>Angajarea asistent personal<\/h3>\r\n<p><a href=\"https:\/\/capleni.ro\/wp-content\/uploads\/2025\/03\/Acord-angajare-asistent-personal.pdf\" target=\"_blank\" rel=\"noopener\">Acord angajare asistent personal<\/a><\/p>\r\n<p><a href=\"https:\/\/capleni.ro\/wp-content\/uploads\/2025\/03\/Acord-privind-angajarea-unui-asistent-personal.pdf\" target=\"_blank\" rel=\"noopener\">Acord privind angajarea unui asistent personal<\/a><\/p>\r\n<p><a href=\"https:\/\/capleni.ro\/wp-content\/uploads\/2025\/03\/Angajament-asumare-raspundere-asistent-personal.pdf\" target=\"_blank\" rel=\"noopener\">Angajament asumare raspundere asistent personal<\/a><\/p>\r\n<p><a href=\"https:\/\/capleni.ro\/wp-content\/uploads\/2025\/03\/Cerere-efectuare-ancheta-sociala-pentru-incadrare-in-functia-asistent-personal.pdf\" target=\"_blank\" rel=\"noopener\">Cerere efectuare anchet\u0103 social\u0103 pentru incadrare \u00een func\u021bia asistent personal<\/a><\/p>\r\n<p><a href=\"https:\/\/capleni.ro\/wp-content\/uploads\/2025\/03\/cerere-incadrare-functie-asistent-personal.pdf\" target=\"_blank\" rel=\"noopener\">Cerere \u00eencadrare func\u021bie asistent personal<\/a><\/p>\r\n<p><a href=\"https:\/\/capleni.ro\/wp-content\/uploads\/2025\/03\/Declaratie-asumarea-responsabilitati-asistent-personal.pdf\" target=\"_blank\" rel=\"noopener\">Declara\u021bie asumarea responsabilit\u0103\u021bi asistent personal<\/a><\/p>\r\n<p><a href=\"https:\/\/capleni.ro\/wp-content\/uploads\/2025\/03\/declaratie-GDPR-asistent-personal.pdf\" target=\"_blank\" rel=\"noopener\">Declara\u021bie GDPR asistent personal<\/a><\/p>\r\n<p><a href=\"https:\/\/capleni.ro\/wp-content\/uploads\/2025\/03\/Declaratie-retragere-acord-angajare-asistent-personal.pdf\" target=\"_blank\" rel=\"noopener\">Declara\u021bie retragere acord angajare asistent personal<\/a><\/p>\r\n<h3>Evaluare complex\u0103 persoan\u0103 cu handicap<\/h3>\r\n<p><a href=\"https:\/\/capleni.ro\/wp-content\/uploads\/2025\/03\/Cerere-privind-indemnizatia-lunara-sau-asistent-personal.pdf\" target=\"_blank\" rel=\"noopener\">Cerere privind indemniza\u021bia lunar\u0103 sau asistent personal<\/a><\/p>\r\n<p><a href=\"https:\/\/capleni.ro\/wp-content\/uploads\/2025\/04\/cerere-de-evaluare-complexa-in-vederea-incadrarii-in-grad-de-handicap.pdf\" target=\"_blank\" rel=\"noopener\">Cerere tip pentru evaluare complex\u0103 persoana cu handicap<\/a><\/p>\r\n<p><a href=\"https:\/\/capleni.ro\/wp-content\/uploads\/2025\/04\/ACTE-NECESARE-PENTRU-EVALUAREA-COMPLEXa-A-PERSOANELOR-ADULTE.pdf\" target=\"_blank\" rel=\"noopener\">Acte necesare pentru evaluarea complex\u0103 a persoanelor cu hanidcap<\/a><\/p>\r\n","protected":false},"excerpt":{"rendered":"<p>Clarific\u0103ri privind men\u021binerea calit\u0103\u021bii de asigurat \u00een sistemul public de s\u0103n\u0103tate pentru anumite categorii de beneficiari de presta\u021bii sociale Atribu\u0163ii asistent social. Raportul Compartimentului de specialitate privind controlul periodic asupra activit\u0103\u0163ii asisten\u0163ilor personali. Vrei sa beneficiezi de ajutorul pentru incalzire si suplimentul pentru energie? Completeaza formularul de tip PDF inteligent Cerere-Declaratie pe proprie raspundere! DESCARCA [&hellip;]<\/p>\n","protected":false},"author":1,"featured_media":0,"parent":0,"menu_order":0,"comment_status":"closed","ping_status":"closed","template":"","meta":{"footnotes":""},"class_list":["post-734","page","type-page","status-publish"],"_links":{"self":[{"href":"https:\/\/capleni.ro\/index.php?rest_route=\/wp\/v2\/pages\/734","targetHints":{"allow":["GET"]}}],"collection":[{"href":"https:\/\/capleni.ro\/index.php?rest_route=\/wp\/v2\/pages"}],"about":[{"href":"https:\/\/capleni.ro\/index.php?rest_route=\/wp\/v2\/types\/page"}],"author":[{"embeddable":true,"href":"https:\/\/capleni.ro\/index.php?rest_route=\/wp\/v2\/users\/1"}],"replies":[{"embeddable":true,"href":"https:\/\/capleni.ro\/index.php?rest_route=%2Fwp%2Fv2%2Fcomments&post=734"}],"version-history":[{"count":6,"href":"https:\/\/capleni.ro\/index.php?rest_route=\/wp\/v2\/pages\/734\/revisions"}],"predecessor-version":[{"id":4440,"href":"https:\/\/capleni.ro\/index.php?rest_route=\/wp\/v2\/pages\/734\/revisions\/4440"}],"wp:attachment":[{"href":"https:\/\/capleni.ro\/index.php?rest_route=%2Fwp%2Fv2%2Fmedia&parent=734"}],"curies":[{"name":"wp","href":"https:\/\/api.w.org\/{rel}","templated":true}]}}