{"id":781,"date":"2025-03-04T13:10:06","date_gmt":"2025-03-04T13:10:06","guid":{"rendered":"https:\/\/capleni.ro\/?page_id=781"},"modified":"2026-04-15T14:26:26","modified_gmt":"2026-04-15T12:26:26","slug":"concursuri","status":"publish","type":"page","link":"https:\/\/capleni.ro\/?page_id=781","title":{"rendered":"Concursuri"},"content":{"rendered":"<p>&nbsp;<\/p>\n<p><a href=\"https:\/\/capleni.ro\/wp-content\/uploads\/2026\/04\/Rezultatul-final-la-concursul-de-recrutare-pentru-ocuparea-unui-post-vacant-contractual-Sef-SVSU-din-cadrul-Compartimentului-Situatii-de-urgenta.pdf\" target=\"_blank\" rel=\"noopener\">Rezultatul final la concursul de recrutare pentru ocuparea unui post vacant contractual \u0218ef SVSU din cadrul Compartimentului Situa\u021bii de urgen\u021b\u0103<\/a><\/p>\n<p><a href=\"https:\/\/capleni.ro\/wp-content\/uploads\/2026\/04\/3-afisare-interviu.pdf\" target=\"_blank\" rel=\"noopener\">Rezultatul interviului la concursul de recrutare pentru ocuparea unui post vacant contractual \u0218ef SVSU din cadrul Compartimentului Situa\u021bii de urgen\u021b\u0103<\/a><\/p>\n<p><a href=\"https:\/\/capleni.ro\/wp-content\/uploads\/2026\/04\/Rezultatul-probei-scrise-la-concursul-de-recrutare-pentru-ocuparea-unui-post-vacant-Sef-SVSU.pdf\" target=\"_blank\" rel=\"noopener\">Rezultatul probei scrise la concursul de recrutare pentru ocuparea unui post vacant contractul \u0218ef SVSU din cadrul Compartimentului Situa\u021bii de urgent\u0103<\/a><\/p>\n<p><a href=\"https:\/\/capleni.ro\/wp-content\/uploads\/2026\/04\/1-afisare-selectionare-dosare.pdf\" target=\"_blank\" rel=\"noopener\">Rezultatul selec\u021biei dosarelor de \u00eenscriere la concursul de recrutare pentru ocuparea unui post vacant contractual \u0218ef SVSU din cadrul Compartimentului Situa\u021bii de urgen\u021b\u0103<\/a><\/p>\n<p lang=\"ro-RO\"><a href=\"https:\/\/capleni.ro\/wp-content\/uploads\/2026\/04\/anunt-concurs-cu-nr-de-inregistrare.pdf\" target=\"_blank\" rel=\"noopener\">Concurs pentru ocuparea pe perioad\u0103 nedeterminat\u0103 a func\u021biei contractuale de \u0218ef SVSU din cadrul Compartimentului Situa\u021bii de urgen\u021b\u0103.<\/a><\/p>\n<p lang=\"ro-RO\"><a href=\"https:\/\/capleni.ro\/wp-content\/uploads\/2025\/03\/Rezultatele-finale-la-examenul-de-promovare.pdf\" target=\"_blank\" rel=\"noopener\">Rezultatele finale la examenul de promovare&#8230;<\/a><\/p>\n<p lang=\"ro-RO\"><a href=\"https:\/\/capleni.ro\/wp-content\/uploads\/2025\/03\/rezultatele-dosarelor-de-inscriere.pdf\" target=\"_blank\" rel=\"noopener\">Rezultatele selec\u021biei dosarelor de \u00eenscriere&#8230;<\/a><\/p>\n<p><a href=\"https:\/\/capleni.ro\/wp-content\/uploads\/2025\/04\/afisare-rezultat-final-2025-1.pdf\" target=\"_blank\" rel=\"noopener\">Rezultatul final la concursul de recrutare organizat pentru ocuparea func\u021biei publice de execu\u021bie vacante de consilier clasa I, grad profesional debutant \u00een Compartimentul asisten\u021b\u0103 social\u0103 \u0219i autoritate tutelar\u0103 din cadrul aparatului de specialitate al primarului comunei C\u0103pleni, (IdPost 178497)din cadrul Prim\u0103riei comunei C\u0103pleni, pe perioad\u0103 nedeterminat\u0103.<\/a><\/p>\n<p><a href=\"https:\/\/capleni.ro\/wp-content\/uploads\/2025\/04\/afisare-rezultat-proba-scrisa-2025-1.pdf\" target=\"_blank\" rel=\"noopener\">\u00cencheiat azi 13. 02. 2025. privind afi\u0219area rezultatelor probei scrise la concursul de recrutare organizat pentru ocuparea func\u021biei publice de execu\u021bie vacante de consilier clasa I, grad profesional debutant \u00een Compartimentul asisten\u021b\u0103 social\u0103 \u0219i autoritate tutelar\u0103 din cadrul aparatului de specialitate al primarului comunei C\u0103pleni, (IdPost 178497)din cadrul Prim\u0103riei comunei C\u0103pleni, pe perioad\u0103 nedeterminat\u0103.<\/a><\/p>\n<p><a href=\"https:\/\/capleni.ro\/wp-content\/uploads\/2025\/04\/afisare-selectionare-2025-1.pdf\" target=\"_blank\" rel=\"noopener\">Rezultatele selec\u021biei dosarelor de \u00eenscriere la concursul de recrutare organizat pentru ocuparea func\u021biei publice de execu\u021bie vacante de consilier clasa I, grad profesional debutant \u00een Compartimentul asisten\u021b\u0103 social\u0103 \u0219i autoritate tutelar\u0103 din cadrul aparatului de specialitate al primarului comunei C\u0103pleni, (IdPost 178497) din cadrul Prim\u0103riei comunei C\u0103pleni, pe perioad\u0103 nedeterminat\u0103<\/a><\/p>\n<p><a href=\"https:\/\/capleni.ro\/wp-content\/uploads\/2025\/04\/pv-afisare-rezultat-final-1.pdf\" target=\"_blank\" rel=\"noopener\">Rezultatul final al concursului de recrutare pentru ocuparea unui post vacant contractual de muncitor calificat I \u00een cadrul Compartimentului administrativ \u0219i gospod\u0103rire comunal\u0103<\/a><\/p>\n<p><a href=\"https:\/\/capleni.ro\/wp-content\/uploads\/2025\/04\/afisare-rezultat-proba-scrisa-1.pdf\" target=\"_blank\" rel=\"noopener\">Rezultatul probei scrise la concursul de recrutare pentru ocuparea unui post vacant contractual de muncitor calificat I \u00een cadrul Compartimentului administrativ \u0219i gospod\u0103rire comunal\u0103<\/a><\/p>\n<p><a href=\"https:\/\/capleni.ro\/wp-content\/uploads\/2025\/04\/rezultatul-selectiei-dosarelor-de-inscriere-1.pdf\" target=\"_blank\" rel=\"noopener\">Rezultatul selectiei dosarelor de inscriere&#8230;<\/a><\/p>\n<p><a href=\"https:\/\/capleni.ro\/wp-content\/uploads\/2025\/04\/Capleni-Anunt-examen-promovare-grad-profesional-functionari-publici-financiar-contabil-2.pdf\" target=\"_blank\" rel=\"noopener\">Anun\u021b examen promovare \u00een grad profesional<\/a><\/p>\n<p><a href=\"https:\/\/capleni.ro\/wp-content\/uploads\/2025\/04\/Rezultatele-finale-\u2013-examen-promovare-in-grad-profesional-1.pdf\" target=\"_blank\" rel=\"noopener\">Rezultatele finale \u2013 examen promovare \u00een grad profesional<\/a><\/p>\n<p><a href=\"https:\/\/capleni.ro\/wp-content\/uploads\/2025\/04\/Rezultatele-selectiei-dosarelor-\u2013-examen-promovare-in-grad-profesional-1.pdf\" target=\"_blank\" rel=\"noopener\">Rezultatele selectiei dosarelor \u2013 examen promovare \u00een grad profesional<\/a><\/p>\n<p><a href=\"https:\/\/capleni.ro\/wp-content\/uploads\/2025\/04\/anunt-16.pdf\" target=\"_blank\" rel=\"noopener\">PRIM\u0102RIA COMUNEI C\u0102PLENI, jude\u021bul SATU MARE, public\u0103 anun\u021bul privind organizarea concursului de recrutare pentru ocuparea unei func\u0163ii publice de execu\u0163ie vacante \u00een baza art. VII din OUG nr. 115\/2023 \u2013 alin.(2) lit.a) \u0219i art. VII alin. (7)\/XI din OUG 121\/2023 pentru modificarea \u0219i completarea Codului administrativ<\/a><\/p>\n<p><a href=\"https:\/\/capleni.ro\/wp-content\/uploads\/2025\/04\/Formular-de-inscriere-1.pdf\" target=\"_blank\" rel=\"noopener\">Formular de inscriere \u2013 consilier clasa I, grad profesional debutant \u00een Compartimentul asisten\u021b\u0103 social\u0103 \u0219i autoritate tutelar\u0103 din cadrul aparatului de specialitate al primarului comunei C\u0103pleni<\/a><\/p>\n<p><a href=\"https:\/\/capleni.ro\/wp-content\/uploads\/2025\/04\/concurs-muncitor-1.pdf\" target=\"_blank\" rel=\"noopener\">Prim\u0103ria comunei C\u0103pleni organizeaz\u0103 concurs de recrutare pentru ocuparea func\u021biei contractuale de execu\u021bie vacante, MUNCITOR CALIFICAT I, din cadrul Compartimentului administrativ \u0219i gospod\u0103rire comunal\u0103., pe perioad\u0103 nedeterminat\u0103, cu durata normal\u0103 a timpului de munca, 8 ore\/zi, 40 ore\/s\u0103pt\u0103m\u00e2n\u0103.<\/a><\/p>\n<p><a href=\"https:\/\/capleni.ro\/wp-content\/uploads\/2025\/04\/FORMULAR-DE-INSCRIERE-1-1.pdf\" target=\"_blank\" rel=\"noopener\">Formular de inscriere \u2013 Functia solicitata: MUNCITOR CALIFICAT I, din cadrul Compartimentului administrativ \u0219i gospod\u0103rire comunal\u0103<\/a><\/p>\n<p><a href=\"https:\/\/capleni.ro\/wp-content\/uploads\/2025\/04\/Capleni-Anunt-examen-promovare-grad-profesional-functionari-publici-financiar-contabil-3.pdf\" target=\"_blank\" rel=\"noopener\">Anun\u021b examen promovare \u00een grad profesional<\/a><\/p>\n<p><a href=\"https:\/\/capleni.ro\/wp-content\/uploads\/2025\/04\/PV-afisare-rezultat-proba-scrisa.pdf\" target=\"_blank\" rel=\"noopener\">Proces verbal de afi\u0219are \u2013 rezultat proba scris\u0103<\/a><\/p>\n<p><a href=\"https:\/\/capleni.ro\/wp-content\/uploads\/2025\/04\/rezultate-selectie-dosararelor-1.pdf\" target=\"_blank\" rel=\"noopener\">Rezultatul selec\u021biei dosarelor de \u00eenscriere la concursul de recrutare pentru ocuparea func\u021biei publice<\/a><\/p>\n<p><a href=\"https:\/\/capleni.ro\/wp-content\/uploads\/2025\/04\/Anunt-concurs-as-soc-2-1.pdf\" target=\"_blank\" rel=\"noopener\">\u00cen\u0219tiin\u021bare organizare concurs<\/a><\/p>\n<p><a href=\"https:\/\/capleni.ro\/wp-content\/uploads\/2025\/04\/4-Rezultat-proba-final-1.pdf\" target=\"_blank\" rel=\"noopener\">Rezultat proba final la concursul de recrutare pentru ocuparea unui post vacant contractual de muncitor calificat I \u00een cadrul Compartimentului administrativ \u0219i gospod\u0103rire comunal\u0103<\/a><\/p>\n<p><a href=\"https:\/\/capleni.ro\/wp-content\/uploads\/2025\/04\/3-Rezultat-proba-interviu-1.pdf\" target=\"_blank\" rel=\"noopener\">Rezultat proba interviu la concursul de recrutare pentru ocuparea unui post vacant contractual de muncitor calificat I \u00een cadrul Compartimentului administrativ \u0219i gospod\u0103rire comunal\u0103<\/a><\/p>\n<p><a href=\"https:\/\/capleni.ro\/wp-content\/uploads\/2025\/04\/Rezultat-proba-scrisa-1.pdf\" target=\"_blank\" rel=\"noopener\">Rezultatul probei scrise la concursul de recrutare pentru ocuparea unui post vacant contractual de muncitor calificat I \u00een cadrul Compartimentului administrativ \u0219i gospod\u0103rire comunal\u0103<\/a><\/p>\n<p><a href=\"https:\/\/capleni.ro\/wp-content\/uploads\/2025\/04\/1-Rezultat-selectionare-dosare-2.pdf\" target=\"_blank\" rel=\"noopener\">Rezultatul selec\u021biei dosarelor de \u00eenscriere la concursul de recrutare pentru ocuparea unui post vacant contractual de muncitor calificat I \u00een cadrul Compartimentului administrativ \u0219i gospod\u0103rire comunal\u0103<\/a><\/p>\n<p><a href=\"https:\/\/capleni.ro\/wp-content\/uploads\/2025\/04\/Anunt-17.pdf\" target=\"_blank\" rel=\"noopener\">Prim\u0103ria Comunei C\u0103pleni organizeaz\u0103 concurs pentru ocuparea pe perioad\u0103 nedeterminat\u0103 a postului contractual vacant de Muncitor calificat, treapta profesionala I \u00een cadrul Compartimentului administrativ \u0219i gospod\u0103rire comunal\u0103.<\/a><\/p>\n<p><a href=\"https:\/\/capleni.ro\/wp-content\/uploads\/2025\/04\/rezultat-final-concurs-1.pdf\" target=\"_blank\" rel=\"noopener\">Rezultatele finale ale concursului de recrutare organizat pentru ocuparea func\u021biei publice de execu\u021bie vacante de consilier clasa I, grad profesional asistent \u00een Compartimentul asisten\u021b\u0103 social\u0103 \u0219i autoritate tutelar\u0103 din cadrul aparatului de specialitate al primarului comunei C\u0103pleni, pe perioad\u0103 nedeterminat\u0103.<\/a><\/p>\n<p><a href=\"https:\/\/capleni.ro\/wp-content\/uploads\/2025\/04\/rezultat-proba-interviu.pdf\" target=\"_blank\" rel=\"noopener\">Proces verbal privind rezultatul interviului la concursul de recrutare organizat pentru ocuparea func\u021biei publice de execu\u021bie vacante de consilier clasa I, grad profesional asistent \u00een Compartimentul asisten\u021b\u0103 social\u0103 \u0219i autoritate tutelar\u0103 din cadrul aparatului de specialitate al primarului comunei C\u0103pleni, pe perioad\u0103 nedeterminat\u0103.<\/a><\/p>\n<p><a href=\"https:\/\/capleni.ro\/wp-content\/uploads\/2025\/04\/rezultat-proba-scrisa-2.pdf\" target=\"_blank\" rel=\"noopener\">Rezultatul probei scrise la concursul de recrutare organizat pentru ocuparea func\u021biei publice de execu\u021bie vacante de consilier clasa I, grad profesional asistent \u00een Compartimentul asisten\u021b\u0103 social\u0103 \u0219i autoritate tutelar\u0103 din cadrul aparatului de specialitate al primarului comunei C\u0103pleni, pe perioad\u0103 nedeterminat\u0103.<\/a><\/p>\n<p><a href=\"https:\/\/capleni.ro\/wp-content\/uploads\/2025\/04\/rezultat-selectionare-dos-achizitii-pt-afisare-1.pdf\" target=\"_blank\" rel=\"noopener\">Rezultatele selec\u021biei dosarelor de \u00eenscriere la concursul de recrutare organizat pentru ocuparea func\u021biei publice de execu\u021bie vacante consilier clasa I, grad profesional asistent \u00een Compartimentul asisten\u021b\u0103 social\u0103 \u0219i autoritate tutelar\u0103 din cadrul aparatului de specialitate al primarului comunei C\u0103pleni.<\/a><\/p>\n<p><a href=\"https:\/\/capleni.ro\/wp-content\/uploads\/2025\/04\/Anunt-concurs-as-soc-1.pdf\" target=\"_blank\" rel=\"noopener\">Anun\u021b\u0103 organizarea concursului pentru ocuparea func\u021biei publice vacante de: \u2022 consilier clasa I, grad profesional asistent \u00een Compartimentul asisten\u021b\u0103 social\u0103 \u0219i autoritate tutelar\u0103 din cadrul aparatului de specialitate al primarului comunei C\u0103pleni.<\/a><\/p>\n<p><a href=\"https:\/\/capleni.ro\/wp-content\/uploads\/2025\/04\/atributii-asistent-social-1-1.pdf\" target=\"_blank\" rel=\"noopener\">Atribu\u0163ii asistent social.<\/a><\/p>\n<p><a href=\"https:\/\/capleni.ro\/wp-content\/uploads\/2025\/04\/rezultat-final-concurs-muncitor-I-31.10.2022-1.pdf\" target=\"_blank\" rel=\"noopener\">Rezultat final la concursul organizat pentru ocuparea pe perioad\u0103 nedeterminat\u0103 a unor func\u0163ii contractuale de muncitor \u2013 I \u00een cadrul Compartimentului administrativ \u0219i gospod\u0103rie comunal\u0103.<\/a><\/p>\n<p><a href=\"https:\/\/capleni.ro\/wp-content\/uploads\/2025\/04\/PV-concurs-proba-interviu-muncitor-31.10.2022-1.pdf\" target=\"_blank\" rel=\"noopener\">Proces verbal la concursul organizat pentru ocuparea pe perioad\u0103 nedeterminat\u0103 a unor func\u0163ii contractuale de muncitor \u2013 I \u00een cadrul Compartimentului administrativ \u0219i gospod\u0103rie comunal\u0103.<\/a><\/p>\n<p><a href=\"https:\/\/capleni.ro\/wp-content\/uploads\/2025\/04\/PV-concurs-proba-scrisa-muncitor-31.10.2022-1.pdf\" target=\"_blank\" rel=\"noopener\">Proces verbal la concursul organizat pentru ocuparea pe perioad\u0103 nedeterminat\u0103 a unor func\u0163ii contractuale de muncitor &#8211; I \u00een cadrul Compartimentului administrativ \u0219i gospod\u0103rie comunal\u0103.<\/a><\/p>\n<p><a href=\"https:\/\/capleni.ro\/wp-content\/uploads\/2025\/04\/PV-SELECTIONARE-DOSARE-2022.10.25-muncitor-1.pdf\" target=\"_blank\" rel=\"noopener\">Proces verbal de selec\u0163ionare a dosarelor de concurs \u2013 nr. 2003 din 25 octombrie 2022.<\/a><\/p>\n<p><a href=\"https:\/\/capleni.ro\/wp-content\/uploads\/2025\/04\/anunt-18.pdf\" target=\"_blank\" rel=\"noopener\">Concurs de recrutare pentru ocuparea, pe perioad\u0103 nedeterminat\u0103, a unui func\u021bii contractuale de execu\u021bie vacante \u2013 muncitor I \u00een cadrul Compartimentului administrativ \u0219i gospod\u0103rire comunal\u0103.<\/a><\/p>\n<p><a href=\"https:\/\/capleni.ro\/wp-content\/uploads\/2025\/04\/rezultat-final-1.pdf\" target=\"_blank\" rel=\"noopener\">Rezultat final la concursul organizat pentru ocuparea pe perioad\u0103 nedeterminat\u0103 a unor func\u0163ii contractuale de guard I \u00een cadrul Compartimentului administrativ \u0219i gospod\u0103rie comunal\u0103.<\/a><\/p>\n<p><a href=\"https:\/\/capleni.ro\/wp-content\/uploads\/2025\/04\/proces-verbal-pt-afis-1.pdf\" target=\"_blank\" rel=\"noopener\">Proces verbal la concursul organizat pentru ocuparea pe perioad\u0103 nedeterminat\u0103 a unor func\u0163ii contractuale de guard I \u00een cadrul Compartimentului administrativ \u0219i gospod\u0103rie comunal\u0103.<\/a><\/p>\n<p><a href=\"https:\/\/capleni.ro\/wp-content\/uploads\/2025\/04\/SCAN0217a-1.jpg\" target=\"_blank\" rel=\"noopener\">Rezultatele finale ale concursului de recrutare organizat pentru ocuparea func\u021biei publice de execu\u021bie vacante de consilier clasa I, grad profesional debutant \u00een Compartimentul rela\u021bii publice, registratur\u0103 \u0219i monitorizare proceduri administrative din cadrul Prim\u0103riei comunei C\u0103pleni, pe perioad\u0103 nedeterminat\u0103.<\/a><\/p>\n<p><a href=\"https:\/\/capleni.ro\/wp-content\/uploads\/2025\/04\/PV-SELECTIONARE-2016-2-1.pdf\" target=\"_blank\" rel=\"noopener\">Proces verbal de selec\u0163ionare a dosarelor de concurs nr. 741 din 19 aprilie 2022.<\/a><\/p>\n<p><a href=\"https:\/\/capleni.ro\/wp-content\/uploads\/2025\/04\/SCAN0213-1.pdf\" target=\"_blank\" rel=\"noopener\">Rezultatele probei scrise.<\/a><\/p>\n<p><a href=\"https:\/\/capleni.ro\/wp-content\/uploads\/2025\/04\/rezultat-selectionare-dosare.pdf\" target=\"_blank\" rel=\"noopener\">Rezultatele selec\u021biei dosarelor de \u00eenscriere la concursul de recrutare organizat pentru ocuparea func\u021biei publice de execu\u021bie vacante de consilier clasa I, grad profesional debutant \u00een Compartimentul rela\u021bii publice, registratur\u0103 \u0219i monitorizare proceduri administrative din cadrul Prim\u0103riei comunei C\u0103pleni, pe perioad\u0103 nedeterminat\u0103.<\/a><\/p>\n<p><a href=\"https:\/\/capleni.ro\/wp-content\/uploads\/2025\/04\/Anunt-concurs-1.pdf\" target=\"_blank\" rel=\"noopener\">\u00cen data de 20 aprilie 2022, ora 9.00, Prim\u0103ria comunei C\u0103pleni organizeaz\u0103 concurs pentru ocuparea func\u021biei publice vacante de consilier clasa I, grad profesional debutant \u00een Compartimentul rela\u021bii publice, registratur\u0103 \u0219i monitorizare proceduri administrative din cadrul Prim\u0103riei comunei C\u0103pleni, pe perioad\u0103 nedeterminat\u0103. \u2013\u00a0Formular de inscriere<\/a><\/p>\n<p><a href=\"https:\/\/capleni.ro\/wp-content\/uploads\/2025\/04\/rezultat-final-concurs-consilier-achizitii.pdf\" target=\"_blank\" rel=\"noopener\">Rezultatele finale ale concursului de recrutare\u00a0organizat pentru ocuparea func\u021biei publice de execu\u021bie vacante\u00a0consilier, clasa I, grad profesional asistent\u00a0Compartimentul urbanism \u0219i achizi\u021bii publice<\/a><\/p>\n<p><a href=\"https:\/\/capleni.ro\/wp-content\/uploads\/2025\/04\/concurs089.jpg\" target=\"_blank\" rel=\"noopener\">Rezultatul probei scrise la concursul de recrutare&#8230;<\/a><\/p>\n<p><a href=\"https:\/\/capleni.ro\/wp-content\/uploads\/2025\/04\/Rezultat-selectie-dosare.pdf\" target=\"_blank\" rel=\"noopener\">Rezultatele selec\u021biei dosarelor de \u00eenscriere la concursul de recrutare organizat pentru ocuparea func\u021biei publice de execu\u021bie vacante consilier, clasa I, grad profesional asistent Compartimentul urbanism \u0219i achizi\u021bii publice.<\/a><\/p>\n<p><a href=\"https:\/\/capleni.ro\/wp-content\/uploads\/2025\/04\/anantu-achizitii-publice-1.pdf\" target=\"_blank\" rel=\"noopener\">Prim\u0103ria comunei C\u0103pleni organizeaz\u0103 concurs pentru ocuparea func\u021biei publice vacante de Consilier achizi\u021bii publice, clasa I, grad profesional asistent \u00een Compartimentul urbanism \u0219i achizi\u021bii publice din cadrul Prim\u0103riei comunei C\u0103pleni, pe perioad\u0103 nedeterminat\u0103.<\/a><\/p>\n<p><a href=\"https:\/\/capleni.ro\/wp-content\/uploads\/2025\/04\/PV-concurs.pdf\" target=\"_blank\" rel=\"noopener\">Proces verbal nr 435.<\/a><\/p>\n<p><a href=\"https:\/\/capleni.ro\/wp-content\/uploads\/2025\/04\/INSTIINTARE-CONCURS-1.pdf\" target=\"_blank\" rel=\"noopener\">Concurs pentru post de func\u021bionar public.<\/a><\/p>\n<p><a href=\"https:\/\/capleni.ro\/wp-content\/uploads\/2025\/04\/atributiile-postului.pdf\" target=\"_blank\" rel=\"noopener\">Atribu\u021biile postului.<\/a><\/p>\n","protected":false},"excerpt":{"rendered":"<p>&nbsp; Rezultatul final la concursul de recrutare pentru ocuparea unui post vacant contractual \u0218ef SVSU din cadrul Compartimentului Situa\u021bii de urgen\u021b\u0103 Rezultatul interviului la concursul de recrutare pentru ocuparea unui post vacant contractual \u0218ef SVSU din cadrul Compartimentului Situa\u021bii de urgen\u021b\u0103 Rezultatul probei scrise la concursul de recrutare pentru ocuparea unui post vacant contractul \u0218ef [&hellip;]<\/p>\n","protected":false},"author":1,"featured_media":0,"parent":0,"menu_order":0,"comment_status":"closed","ping_status":"closed","template":"","meta":{"footnotes":""},"class_list":["post-781","page","type-page","status-publish"],"_links":{"self":[{"href":"https:\/\/capleni.ro\/index.php?rest_route=\/wp\/v2\/pages\/781","targetHints":{"allow":["GET"]}}],"collection":[{"href":"https:\/\/capleni.ro\/index.php?rest_route=\/wp\/v2\/pages"}],"about":[{"href":"https:\/\/capleni.ro\/index.php?rest_route=\/wp\/v2\/types\/page"}],"author":[{"embeddable":true,"href":"https:\/\/capleni.ro\/index.php?rest_route=\/wp\/v2\/users\/1"}],"replies":[{"embeddable":true,"href":"https:\/\/capleni.ro\/index.php?rest_route=%2Fwp%2Fv2%2Fcomments&post=781"}],"version-history":[{"count":10,"href":"https:\/\/capleni.ro\/index.php?rest_route=\/wp\/v2\/pages\/781\/revisions"}],"predecessor-version":[{"id":5072,"href":"https:\/\/capleni.ro\/index.php?rest_route=\/wp\/v2\/pages\/781\/revisions\/5072"}],"wp:attachment":[{"href":"https:\/\/capleni.ro\/index.php?rest_route=%2Fwp%2Fv2%2Fmedia&parent=781"}],"curies":[{"name":"wp","href":"https:\/\/api.w.org\/{rel}","templated":true}]}}