{"id":783,"date":"2025-03-04T13:10:44","date_gmt":"2025-03-04T13:10:44","guid":{"rendered":"https:\/\/capleni.ro\/?page_id=783"},"modified":"2025-04-02T13:35:42","modified_gmt":"2025-04-02T11:35:42","slug":"consiliul-local","status":"publish","type":"page","link":"https:\/\/capleni.ro\/?page_id=783","title":{"rendered":"Consiliul Local"},"content":{"rendered":"<p>Consiliul local este o autoritate a administra\u0163iei publice locale, prin care se realizeaz\u0103 autonomia comunei, este compus din consilieri locali ale\u015fi prin vot universal, egal, direct, secret \u015fi liber exprimat.<\/p>\n<p>K\u00c1NYA ZSOLT-ALBERT \u2013 Uniunea Democrat\u0103 Maghiar\u0103 din Rom\u00e2nia<\/p>\n<p>CSIZM\u00c1R ANTAL TAM\u00c1S\u2013 Uniunea Democrat\u0103 Maghiar\u0103 din Rom\u00e2nia<\/p>\n<p>FLEISZ ADRIEN\u2013 Uniunea Democrat\u0103 Maghiar\u0103 din Rom\u00e2nia<\/p>\n<p>FLEISZ TAM\u00c1S \u2013 Uniunea Democrat\u0103 Maghiar\u0103 din Rom\u00e2nia<\/p>\n<p>Z\u00d6LD TIMEA \u2013 Uniunea Democrat\u0103 Maghiar\u0103 din Rom\u00e2nia<\/p>\n<p>BONTO ALEXANDRU-MARIUS \u2013 Uniunea Democrat\u0103 Maghiar\u0103 din Rom\u00e2nia<\/p>\n<p>G\u00d3ZNER BETTINA-REN\u00c1TA\u2013 Uniunea Democrat\u0103 Maghiar\u0103 din Rom\u00e2nia<\/p>\n<p>M\u00c9SZ\u00c1ROS L\u00d3RANT\u2013 Uniunea Democrat\u0103 Maghiar\u0103 din Rom\u00e2nia<\/p>\n<p>GAL ZOLTAN\u2013 Uniunea Democrat\u0103 Maghiar\u0103 din Rom\u00e2nia<\/p>\n<p>POSZ ATTILA\u2013 Uniunea Democrat\u0103 Maghiar\u0103 din Rom\u00e2nia<\/p>\n<p>JUSZLI FERENC \u2013 Uniunea Democrat\u0103 Maghiar\u0103 din Rom\u00e2nia<\/p>\n<p>HAULER HELMUT-ISTV\u00c1N \u2013 Forumul Democrat al germanilor din Rom\u00e2nia<\/p>\n<p>VICSACSANY ANTAL\u2013 Forumul Democrat al Germanilor din Rom\u00e2nia<\/p>\n<p><a href=\"https:\/\/capleni.ro\/wp-content\/uploads\/2025\/04\/hot-45-alegere-viceprimar.pdf\" target=\"_blank\" rel=\"noopener\">Hot\u0103r\u00e2re Nr.45\/24.10.2024. privind alegerea viceprimarului comunei C\u0103pleni<\/a><\/p>\n<p><a href=\"https:\/\/capleni.ro\/wp-content\/uploads\/2025\/04\/hot-44-organizare-comisii.pdf\" target=\"_blank\" rel=\"noopener\">Hot\u0103r\u00e2re Nr.44\/24.10.2024. privind organizarea comisiilor de specialitate ale Consiliului local al comunei C\u0103pleni<\/a><\/p>\n<p><a href=\"https:\/\/capleni.ro\/wp-content\/uploads\/2025\/04\/pv-sedinta-constituire.pdf\" target=\"_blank\" rel=\"noopener\">PROCES VERBAL Nr. 1283 \u00eencheiat azi, 24 octombrie 2024 cu ocazia \u0219edin\u021bei privind ceremonia de constituire a Consiliului local al comunei C\u0103pleni<\/a><\/p>\n<p>2020-2024<\/p>\n<p>K\u00c1NYA ZSOLT-ALBERT \u2013 Uniunea Democrat\u0103 Maghiar\u0103 din Rom\u00e2nia<\/p>\n<p>CSIZM\u00c1R ANTAL TAM\u00c1S \u2013 Uniunea Democrat\u0103 Maghiar\u0103 din Rom\u00e2nia<\/p>\n<p>FLEISZ TAM\u00c1S \u2013 Uniunea Democrat\u0103 Maghiar\u0103 din Rom\u00e2nia<\/p>\n<p>FLEISZ ADRIEN \u2013 Uniunea Democrat\u0103 Maghiar\u0103 din Rom\u00e2nia<\/p>\n<p>PINK RUDOLF \u2013 Uniunea Democrat\u0103 Maghiar\u0103 din Rom\u00e2nia<\/p>\n<p>TILLINGER FERENCZ \u2013 Uniunea Democrat\u0103 Maghiar\u0103 din Rom\u00e2nia<\/p>\n<p>GAL ZOLTAN \u2013 Uniunea Democrat\u0103 Maghiar\u0103 din Rom\u00e2nia<\/p>\n<p>M\u00c9SZ\u00c1ROS L\u00d3RANT \u2013 Uniunea Democrat\u0103 Maghiar\u0103 din Rom\u00e2nia<\/p>\n<p>POSZ ATTILA \u2013 Uniunea Democrat\u0103 Maghiar\u0103 din Rom\u00e2nia<\/p>\n<p>M\u00c1NC TIHAM\u00c9R \u2013 Partidul Civic Maghiar-Magyar Polg\u00e1ri P\u00e1rt<\/p>\n<p>TABORI FRANCISC-ROBERT \u2013 Partidul Civic Maghiar-Magyar Polg\u00e1ri P\u00e1rt<\/p>\n<p>HEVELI JOZSEF \u2013 Partidul Civic Maghiar-Magyar Polg\u00e1ri P\u00e1rt<\/p>\n<p>SZIL\u00c1GYI SYLVEN-TEOFIL \u2013 Partidul Civic Maghiar-Magyar Polg\u00e1ri P\u00e1rt<\/p>\n<p><a href=\"https:\/\/capleni.ro\/wp-content\/uploads\/2025\/04\/hot-21-alegere-viceprimar.pdf\" target=\"_blank\" rel=\"noopener\">Hot\u0103r\u00e2re Nr.21\/2020. privind alegerea viceprimarului comunei C\u0103pleni<\/a><\/p>\n<p><a href=\"https:\/\/capleni.ro\/wp-content\/uploads\/2025\/04\/hot-20-organizare-comisii.pdf\" target=\"_blank\" rel=\"noopener\">Hot\u0103r\u00e2re Nr.20\/2020. pentru modificarea \u0219i completarea HCL nr.13\/2020 privind organizarea comisiilor de specialitate ale Consiliului local al comunei C\u0103pleni<\/a><\/p>\n<p><a href=\"https:\/\/capleni.ro\/wp-content\/uploads\/2025\/04\/pv-sedinta-constituire1.pdf\" target=\"_blank\" rel=\"noopener\">PROCES VERBAL NR. 2286\/2020 \u00eencheiat azi, 22 octombrie 2020 cu ocazia \u0219edin\u021bei privind ceremonia de constituire a consiliului local C\u0103pleni<\/a><\/p>\n<p>2016-2020<\/p>\n<p>Csizmar Antal Tamas &#8211; UDMR<\/p>\n<p>Fleisz Clara &#8211; UDMR<\/p>\n<p>Fleisz Tam\u00e1s \u2013 UDMR<\/p>\n<p>Gozner Stefan \u2013 FDGR<\/p>\n<p>Grebur Paul \u2013 UDMR<\/p>\n<p>Hajdu Levente &#8211; PCM-MPP<\/p>\n<p>Herman Agota &#8211; PCM-MPP<\/p>\n<p>Heveli Jozsef &#8211; PCM-MPP<\/p>\n<p>K\u00e1nya Zsolt Albert &#8211; UDMR<\/p>\n<p>Manc Tihamer &#8211; PCM-MPP<\/p>\n<p>Posz Attila \u2013 ALDE<\/p>\n<p>Tabori Robert Francisc &#8211; PCM-MPP<\/p>\n<p>Tillinger Ferenc &#8211; UDMR<\/p>\n","protected":false},"excerpt":{"rendered":"<p>Consiliul local este o autoritate a administra\u0163iei publice locale, prin care se realizeaz\u0103 autonomia comunei, este compus din consilieri locali ale\u015fi prin vot universal, egal, direct, secret \u015fi liber exprimat. K\u00c1NYA ZSOLT-ALBERT \u2013 Uniunea Democrat\u0103 Maghiar\u0103 din Rom\u00e2nia CSIZM\u00c1R ANTAL TAM\u00c1S\u2013 Uniunea Democrat\u0103 Maghiar\u0103 din Rom\u00e2nia FLEISZ ADRIEN\u2013 Uniunea Democrat\u0103 Maghiar\u0103 din Rom\u00e2nia FLEISZ TAM\u00c1S [&hellip;]<\/p>\n","protected":false},"author":1,"featured_media":0,"parent":0,"menu_order":0,"comment_status":"closed","ping_status":"closed","template":"","meta":{"footnotes":""},"class_list":["post-783","page","type-page","status-publish"],"_links":{"self":[{"href":"https:\/\/capleni.ro\/index.php?rest_route=\/wp\/v2\/pages\/783","targetHints":{"allow":["GET"]}}],"collection":[{"href":"https:\/\/capleni.ro\/index.php?rest_route=\/wp\/v2\/pages"}],"about":[{"href":"https:\/\/capleni.ro\/index.php?rest_route=\/wp\/v2\/types\/page"}],"author":[{"embeddable":true,"href":"https:\/\/capleni.ro\/index.php?rest_route=\/wp\/v2\/users\/1"}],"replies":[{"embeddable":true,"href":"https:\/\/capleni.ro\/index.php?rest_route=%2Fwp%2Fv2%2Fcomments&post=783"}],"version-history":[{"count":3,"href":"https:\/\/capleni.ro\/index.php?rest_route=\/wp\/v2\/pages\/783\/revisions"}],"predecessor-version":[{"id":3570,"href":"https:\/\/capleni.ro\/index.php?rest_route=\/wp\/v2\/pages\/783\/revisions\/3570"}],"wp:attachment":[{"href":"https:\/\/capleni.ro\/index.php?rest_route=%2Fwp%2Fv2%2Fmedia&parent=783"}],"curies":[{"name":"wp","href":"https:\/\/api.w.org\/{rel}","templated":true}]}}