{"id":795,"date":"2025-03-04T13:14:53","date_gmt":"2025-03-04T13:14:53","guid":{"rendered":"https:\/\/capleni.ro\/?page_id=795"},"modified":"2026-04-21T07:42:35","modified_gmt":"2026-04-21T05:42:35","slug":"dispozitii","status":"publish","type":"page","link":"https:\/\/capleni.ro\/?page_id=795","title":{"rendered":"Acte administrative emise de primar"},"content":{"rendered":"<p><a href=\"https:\/\/capleni.ro\/wp-content\/uploads\/2026\/04\/ORDINE-DE-ZI-electronic.pdf\" target=\"_blank\" rel=\"noopener\"><span lang=\"ro-RO\">Dispozi\u0163ia<\/span> Nr. 79\/20.04.2026. privind convocarea Consiliului local al comunei C\u0103pleni<\/a><\/p>\n<p><a href=\"https:\/\/capleni.ro\/wp-content\/uploads\/2026\/04\/ORDINE-DE-ZI.pdf\" target=\"_blank\" rel=\"noopener\"><span lang=\"ro-RO\">Dispozi\u0163ia<\/span> Nr. 65\/01.04.2026. privind convocarea Consiliului local al comunei C\u0103pleni<\/a><\/p>\n<p><a href=\"https:\/\/capleni.ro\/wp-content\/uploads\/2026\/03\/ORDINE-DE-ZI.pdf\" target=\"_blank\" rel=\"noopener\"><span lang=\"ro-RO\">Dispozi\u0163ia<\/span> Nr. 47\/13.03.2026. privind convocarea Consiliului local al comunei C\u0103pleni<\/a><\/p>\n<p><a href=\"https:\/\/capleni.ro\/wp-content\/uploads\/2026\/02\/Dispozitia-31-din-2026.pdf\" target=\"_blank\" rel=\"noopener\"><span lang=\"ro-RO\">Dispozi\u0163ia<\/span> Nr. 31\/13.02.2026. privind convocarea Consiliului local al comunei C\u0103pleni<\/a><\/p>\n<p><a href=\"https:\/\/capleni.ro\/wp-content\/uploads\/2026\/02\/Dispozitia-29-din-2026.pdf\" target=\"_blank\" rel=\"noopener\">Dispozi\u0163ia Nr. 29\/03.02.2026. privind constituirea comisiei de recep\u021bie la terminarea lucr\u0103rii pentru obiectivul \u201dReabilitare moderat\u0103 a imobilului Sediu prim\u0103rie, comuna C\u0103pleni, jude\u021bul Satu Mare\u201d<\/a><\/p>\n<p><a href=\"https:\/\/capleni.ro\/wp-content\/uploads\/2026\/02\/Dispozitia-19-din-2026.pdf\" target=\"_blank\" rel=\"noopener\">Dispozi\u0163ia Nr. 19\/23.01.2026. privind desemnarea persoanei responsabile pentru acordarea asisten\u021bei privind completarea \u0219i\/sau depunerea, precum \u0219i transmiterea Declara\u0163iei unice privind impunerea veniturilor persoanelor fizice pentru contribuabilii care au domiciliul fiscal \u00een comuna C\u0103pleni \u00een conformitate cu prevederile Ordinului comun nr. 1938\/4735\/2018<\/a><\/p>\n<p><a href=\"https:\/\/capleni.ro\/wp-content\/uploads\/2026\/02\/Dispozitia-18-din-2026.pdf\" target=\"_blank\" rel=\"noopener\">Dispozi\u0163ia Nr. 18\/23.01.2026. privind desemnarea unui responsabil pentru constatarea \u0219i sanc\u021bionarea contraven\u021biilor referitoare la asigurarea obligatorie a locuin\u021belor (PAD)<\/a><\/p>\n<p><a href=\"https:\/\/capleni.ro\/wp-content\/uploads\/2026\/02\/Dispozitia-17-din-2026.pdf\" target=\"_blank\" rel=\"noopener\">Dispozi\u0163ia Nr. 17\/23.01.2026. privind desemnarea persoanei responsabile cu atribu\u021bii \u00een domeniul aplic\u0103rii Legii nr. 544\/2001 privind liberul acces la informa\u021biile de interes public \u0219i Legii nr. 52\/2003 privind transparen\u021ba decizional\u0103 \u00een administra\u021bia public\u0103<\/a><\/p>\n<p><a href=\"https:\/\/capleni.ro\/wp-content\/uploads\/2026\/02\/Dispozitia-16-din-2026.pdf\" target=\"_blank\" rel=\"noopener\">Dispozi\u0163ia Nr. 16\/23.01.2026. privind desemnarea domnului Csizm\u00e1r Antal, consilier asistent, din cadrul Compartimentului agricol, persoan\u0103 responsabil\u0103 cu monitorizarea situa\u021biilor de pantouflage la nivelul Prim\u0103riei comunei C\u0103pleni<\/a><\/p>\n<p><a href=\"https:\/\/capleni.ro\/wp-content\/uploads\/2026\/02\/Dispozitia-15-din-2026.pdf\" target=\"_blank\" rel=\"noopener\">Dispozi\u0163ia Nr. 15\/23.01.2026. privind desemnarea responsabilului cu gestionarea cazurilor de h\u0103r\u021buirela nivelul aparatului de specialitate al Primarului comunei C\u0103pleni<\/a><\/p>\n<p><a href=\"https:\/\/capleni.ro\/wp-content\/uploads\/2026\/01\/ORDINE-DE-ZI.pdf\" target=\"_blank\" rel=\"noopener\"><span lang=\"ro-RO\">Dispozi\u0163ia<\/span> Nr. 14\/21.01.2026. privind convocarea Consiliului local al comunei C\u0103pleni<\/a><\/p>\n<p><a href=\"https:\/\/capleni.ro\/wp-content\/uploads\/2026\/02\/Dispozitia-10-din-2026.pdf\" target=\"_blank\" rel=\"noopener\">Dispozi\u0163ia Nr. 10\/19.01.2026. privind <span lang=\"en-US\">desemnarea persoanei responsabile cu implementarea prevederilor referitoare la declara\u021biile de avere si declara\u021biile de interese la nivelul comunei<\/span> <span lang=\"en-US\">C\u0103pleni, jude\u021bul Satu Mare<\/span><\/a><\/p>\n<p><a href=\"https:\/\/capleni.ro\/wp-content\/uploads\/2026\/02\/Dispozitia-4-din-2026.pdf\" target=\"_blank\" rel=\"noopener\">Dispozi\u0163ia Nr. 4\/12.01.2026. privind modificarea procentului de majorare a indemniza\u021biei lunare a d-lui Csizm\u00e1r Antal-Tam\u00e1s, viceprimarul comunei C\u0103pleni, pentru proiecte finantate din fonduri europene nerambursabile si\/sau fonduri externe rambursabile precum \u0219i prin Mecanismul de redresare \u0219i rezilien\u021b\u0103 aflate \u00een implementare pentru care UAT Comuna C\u0103pleni are calitatea de beneficiar<\/a><\/p>\n<p><a href=\"https:\/\/capleni.ro\/wp-content\/uploads\/2026\/02\/Dispozitia-3-din-2026.pdf\" target=\"_blank\" rel=\"noopener\">Dispozi\u0163ia Nr. 3\/12.01.2026. privind <span lang=\"en-US\">modificarea procentului de majorare a indemniza\u021biei lunare a d-lui Megyeri <\/span>Tam\u00e1s-R\u00f3bert, primarul comunei C\u0103pleni, pentru <span lang=\"en-US\">proiecte finantate din fonduri europene nerambursabile si\/sau fonduri externe rambursabile precum \u0219i prin Mecanismul de redresare \u0219i rezilien\u021b\u0103 aflate \u00een implementare<\/span> pentru care UAT Comuna C\u0103pleni are calitatea de beneficiar<\/a><\/p>\n<p><a href=\"https:\/\/capleni.ro\/wp-content\/uploads\/2026\/02\/Dispozitia-2-din-2026.pdf\" target=\"_blank\" rel=\"noopener\">Dispozi\u0163ia Nr. 2\/12.01.2026. privind <span lang=\"en-US\">stabilirea listei actelor doveditoare necesare pentru acordarea diplomei \u0219i stimulentului financiar familiilor domiciliate \u00een comuna C\u0103pleni, pentru fiecare copil nou-n\u0103scut<\/span><\/a><\/p>\n<h2>2025<\/h2>\n<p><a href=\"https:\/\/capleni.ro\/wp-content\/uploads\/2025\/12\/ORDINE-DE-ZI-2.pdf\" target=\"_blank\" rel=\"noopener\"><span lang=\"ro-RO\">Dispozi\u0163ia<\/span> Nr. 260\/23.12.2025. privind convocarea Consiliului local al comunei C\u0103pleni<\/a><\/p>\n<p><a href=\"https:\/\/capleni.ro\/wp-content\/uploads\/2025\/12\/ORDINE-DE-ZI-1.pdf\" target=\"_blank\" rel=\"noopener\"><span lang=\"ro-RO\">Dispozi\u0163ia<\/span> Nr. 258\/16.12.2025. privind convocarea Consiliului local al comunei C\u0103pleni<\/a><\/p>\n<p><a href=\"https:\/\/capleni.ro\/wp-content\/uploads\/2026\/02\/Dispozitia-257-din-2025.pdf\" target=\"_blank\" rel=\"noopener\">Dispozi\u0163ia nr. 257\/15.12.2025. privind aprobarea Regulamentului de ordine interioar\u0103 al aparatului de specialitate al Primarului comunei C\u0103pleni<\/a><\/p>\n<p><a href=\"https:\/\/capleni.ro\/wp-content\/uploads\/2026\/02\/Dispozitia-250-din-2025.pdf\" target=\"_blank\" rel=\"noopener\">Dispozi\u0163ia nr. 250\/09.12.2025. privind Convocarea Consiliului local al comunei C\u0103pleni \u00een \u0219edin\u021b\u0103 extraordinar\u0103<\/a><\/p>\n<p><a href=\"https:\/\/capleni.ro\/wp-content\/uploads\/2025\/12\/ORDINE-DE-ZI.pdf\" target=\"_blank\" rel=\"noopener\"><span lang=\"ro-RO\">Dispozi\u0163ia<\/span> Nr. 249\/05.12.2025. privind convocarea Consiliului local al comunei C\u0103pleni<\/a><\/p>\n<p><a href=\"https:\/\/capleni.ro\/wp-content\/uploads\/2025\/11\/ORDINE-DE-ZI.pdf\" target=\"_blank\" rel=\"noopener\"><span lang=\"ro-RO\">Dispozi\u0163ia<\/span> Nr. 228\/14.11.2025. privind convocarea Consiliului local al comunei C\u0103pleni<\/a><\/p>\n<p><a href=\"https:\/\/capleni.ro\/wp-content\/uploads\/2026\/02\/Dispozitia-225-din-2025.pdf\" target=\"_blank\" rel=\"noopener\">Dispozi\u0163ia nr. 225\/04.11.2025. privind constituirea Comisiei pentru solu\u021bionarea sesiz\u0103rilor privind probleme de urbanism<\/a><\/p>\n<p><a href=\"https:\/\/capleni.ro\/wp-content\/uploads\/2026\/02\/Dispozitia-217-din-2025.pdf\" target=\"_blank\" rel=\"noopener\">Dispozi\u0163ia nr. 217\/30.10.2025. privind Modificarea Dispozi\u021biei nr.186\/15.09.2025<\/a><\/p>\n<p><a href=\"https:\/\/capleni.ro\/wp-content\/uploads\/2025\/10\/ORDINE-DE-ZI.pdf\" target=\"_blank\" rel=\"noopener\"><span lang=\"ro-RO\">Dispozi\u0163ia<\/span> Nr. 215\/24.10.2025. privind convocarea Consiliului local al comunei C\u0103pleni<\/a><\/p>\n<p><a href=\"https:\/\/capleni.ro\/wp-content\/uploads\/2026\/02\/Dispozitia-209-din-2025.pdf\" target=\"_blank\" rel=\"noopener\">Dispozi\u0163ia nr. 209\/13.10.2025. privind Constituirea Comisie pentru efectuarea anchetelor sociale<\/a><\/p>\n<p><a href=\"https:\/\/capleni.ro\/wp-content\/uploads\/2026\/02\/Dispozitia-197-din-2025.pdf\" target=\"_blank\" rel=\"noopener\">Dispozi\u0163ia nr. 197\/30.09.2025. privind desemnare persoane pentru supravegherea evenimentului cultural balul Strugurilor<\/a><\/p>\n<p><a href=\"https:\/\/capleni.ro\/wp-content\/uploads\/2026\/02\/Dispozitia-196-din-2025.pdf\" target=\"_blank\" rel=\"noopener\">Dispozi\u0163ia nr. 196\/30.09.2025. privind desemnarea persoanei responsabile pentru protec\u021bia mediului- M\u00c9SZ\u00c1ROS ZSUZSA<\/a><\/p>\n<p><a href=\"https:\/\/capleni.ro\/wp-content\/uploads\/2026\/02\/Dispozitia-193-din-2025.pdf\" target=\"_blank\" rel=\"noopener\">Dispozi\u0163ia nr. 193\/29.09.2025. privind desemnarea consilierului de etic\u0103 pentru consiliere etic\u0103 \u0219i monitorizarea respect\u0103rii normelor de conduit\u0103 \u00een cadrul Prim\u0103riei comunei C\u0103pleni<\/a><\/p>\n<p><a href=\"https:\/\/capleni.ro\/wp-content\/uploads\/2026\/02\/Dispozitia-186-din-2025.pdf\" target=\"_blank\" rel=\"noopener\">Dispozi\u0163ia nr. 186\/15.09.2025. privind desemnarea persoanelor \u00een echipa comunitar\u0103 integrat\u0103\u00een cadrul proiectului \u201dFurnizare de servicii integrate \u00een comunit\u0103\u021bile rurale \u2013 facilitarea accesului persoanelor vulnerabile la servicii de baz\u0103 eficiente \u0219i de calitate\u201d Cod PIDS\/586\/PO4\/339395<\/a><\/p>\n<p><a href=\"https:\/\/capleni.ro\/wp-content\/uploads\/2026\/02\/Dispozitia-179-din-2025.pdf\" target=\"_blank\" rel=\"noopener\">Dispozi\u0163ia nr. 179\/29.08.2025. privind aplicarea procentului de majorare a indemniza\u021biei lunare a d-lui Csizm\u00e1r Antal-Tam\u00e1s, viceprimarul comunei C\u0103pleni, pentru proiecte finantate din fonduri europene nerambursabile si\/sau fonduri externe rambursabile precum \u0219i prin Mecanismul de redresare \u0219i rezilien\u021b\u0103 aflate \u00een implementare pentru care UAT Comuna C\u0103pleni are calitatea de beneficiar<\/a><\/p>\n<p><a href=\"https:\/\/capleni.ro\/wp-content\/uploads\/2026\/02\/Dispozitia-178-din-2025.pdf\" target=\"_blank\" rel=\"noopener\">Dispozi\u0163ia nr. 178\/29.08.2025. privind aplicarea procentului de majorare a indemniza\u021biei lunare a d-lui Megyeri Tam\u00e1s-R\u00f3bert, primarul comunei C\u0103pleni, pentru proiecte finantate din fonduri europene nerambursabile si\/sau fonduri externe rambursabile precum \u0219i prin Mecanismul de redresare \u0219i rezilien\u021b\u0103 aflate \u00een implementare pentru care UAT Comuna C\u0103pleni are calitatea de beneficiar<\/a><\/p>\n<p><a href=\"https:\/\/capleni.ro\/wp-content\/uploads\/2025\/08\/ORDINE-DE-ZI-1.pdf\" target=\"_blank\" rel=\"noopener\"><span lang=\"ro-RO\">Dispozi\u0163ia<\/span> Nr. 171\/28.08.2025. privind convocarea Consiliului local al comunei C\u0103pleni<\/a><\/p>\n<p><a href=\"https:\/\/capleni.ro\/wp-content\/uploads\/2026\/02\/Dispozitia-163-din-2025.pdf\" target=\"_blank\" rel=\"noopener\">Dispozi\u0163ia nr. 163\/05.08.2025. privind nominalizarea operatorilor economici din re\u021beaua comercial\u0103 a comunei C\u0103pleni care vor distribui produse alimentare ra\u021bionalizate c\u0103tre popula\u021bie<\/a><\/p>\n<p><a href=\"https:\/\/capleni.ro\/wp-content\/uploads\/2026\/02\/Dispozitia-162-din-2025.pdf\" target=\"_blank\" rel=\"noopener\">Dispozi\u0163ia nr. 162\/05.08.2025. privind numirea responsabilului cu eviden\u021ba militar\u0103 \u0219i mobilizare la locul de munc\u0103<\/a><\/p>\n<p><a href=\"https:\/\/capleni.ro\/wp-content\/uploads\/2026\/02\/Dispozitia-161-din-2025.pdf\" target=\"_blank\" rel=\"noopener\">Dispozi\u0163ia nr. 161\/05.08.2025. privind Actualizarea Comisiei local pentru probleme de ap\u0103rare<\/a><\/p>\n<p><a href=\"https:\/\/capleni.ro\/wp-content\/uploads\/2025\/08\/ORDINE-DE-ZI.pdf\" target=\"_blank\" rel=\"noopener\"><span lang=\"ro-RO\">Dispozi\u0163ia<\/span> Nr. 160\/31.07.2025. privind convocarea Consiliului local al comunei C\u0103pleni<\/a><\/p>\n<p><a href=\"https:\/\/capleni.ro\/wp-content\/uploads\/2026\/02\/Dispozitia-150-din-2025.pdf\" target=\"_blank\" rel=\"noopener\">Dispozi\u0163ia nr. 150\/24.07.2025. privind delegarea unor atribu\u021bii doamnei Kaplonyi Lucia-Ildik\u00f3- bibliotecar comunal &#8211; \u00een Compartimentul cultur\u0103, sport \u0219i bibliotec\u0103 din aparatul de specialitate al primarului comunei C\u0103pleni, jude\u021bul Satu Mare<\/a><\/p>\n<p><a href=\"https:\/\/capleni.ro\/wp-content\/uploads\/2025\/07\/ORDINE-DE-ZI.pdf\" target=\"_blank\" rel=\"noopener\"><span lang=\"ro-RO\">Dispozi\u0163ia<\/span> Nr. 145\/10.07.2025. privind convocarea Consiliului local al comunei C\u0103pleni<\/a><\/p>\n<p><a href=\"https:\/\/capleni.ro\/wp-content\/uploads\/2026\/02\/Dispozitia-144-din-2025.pdf\" target=\"_blank\" rel=\"noopener\">Dispozi\u0163ia nr. 144\/30.06.2025. privind desemnarea persoanelor autorizate pentru completarea \u015fi transmiterea Registrului general de eviden\u0163\u0103 a salaria\u0163ilor la nivelul Prim\u0103riei comunei C\u0103pleni<\/a><\/p>\n<p><a href=\"https:\/\/capleni.ro\/wp-content\/uploads\/2025\/06\/ORDINE-DE-ZI.pdf\" target=\"_blank\" rel=\"noopener\"><span lang=\"ro-RO\">Dispozi\u0163ia<\/span> Nr. 124\/12.06.2025. privind convocarea Consiliului local al comunei C\u0103pleni<\/a><\/p>\n<p><a href=\"https:\/\/capleni.ro\/wp-content\/uploads\/2026\/02\/Dispozitia-122-din-2025.pdf\" target=\"_blank\" rel=\"noopener\">Dispozi\u0163ia nr. 122\/02.06.2025. privind constituirea Comisiei de selec\u021bionare a documentelor de arhiv\u0103 create \u0219i de\u021binute de Consiliul local \u0219i Prim\u0103ria comunei C\u0103pleni<\/a><\/p>\n<p><a href=\"https:\/\/capleni.ro\/wp-content\/uploads\/2025\/05\/ORDINE-DE-ZI.pdf\" target=\"_blank\" rel=\"noopener\"><span lang=\"ro-RO\">Dispozi\u0163ia<\/span> Nr. 104\/08.05.2025. privind convocarea Consiliului local al comunei C\u0103pleni<\/a><\/p>\n<p><a href=\"https:\/\/capleni.ro\/wp-content\/uploads\/2026\/02\/Dispozitia-103-din-2025.pdf\" target=\"_blank\" rel=\"noopener\">Dispozi\u0163ia nr. 103\/08.05.2025. privind constituirea Comisiei de evaluare a ofertelor privind licita\u021biile publice ce se vor organiza \u00een scopul concesion\u0103rii de bunuri apar\u021bin\u00e2nd domeniului privat al comunei C\u0103pleni<\/a><\/p>\n<p><a href=\"https:\/\/capleni.ro\/wp-content\/uploads\/2025\/04\/ORDINE-DE-ZI-1.pdf\" target=\"_blank\" rel=\"noopener\"><span lang=\"ro-RO\">Dispozi\u0163ia<\/span> Nr. 74\/14.04.2025. privind convocarea Consiliului local al comunei C\u0103pleni<\/a><\/p>\n<p><a href=\"https:\/\/capleni.ro\/wp-content\/uploads\/2025\/04\/ORDINE-DE-ZI.pdf\" target=\"_blank\" rel=\"noopener\"><span lang=\"ro-RO\">Dispozi\u0163ia nr. 71\/04.04.2025 privind convocarea Consiliului local al comunei C\u0103pleni<\/span><\/a><\/p>\n<p><a href=\"https:\/\/capleni.ro\/wp-content\/uploads\/2025\/04\/disp-numerotare-delimitare-SV-Presedinte.pdf\" target=\"_blank\" rel=\"noopener\">Dispozi\u0163ia nr.66\/31.03.2025. privind aducerea la cuno\u0219tin\u021b\u0103 public\u0103 a delimit\u0103rii \u0219i numerot\u0103rii sec\u021biilor de votare din comuna C\u0103pleni, \u00een vederea bunei desf\u0103\u0219ur\u0103ri a alegerilor pentru Pre\u0219edintele Rom\u00e2niei din anul 2025<\/a><\/p>\n<p><a href=\"https:\/\/capleni.ro\/wp-content\/uploads\/2025\/03\/stabilire-afisaj.pdf\" target=\"_blank\" rel=\"noopener\"><span lang=\"ro-RO\">Dispozi\u0163ia nr. 54\/17.03.2025\u00a0<\/span>privind stabilirea locurilor speciale de afi\u015faj electoral din comuna C\u0103pleni la alegerea Pre\u0219edintelui Rom\u00e2niei \u00een anul 2025<\/a><\/p>\n<p><a href=\"https:\/\/capleni.ro\/wp-content\/uploads\/2025\/03\/ORDINE-DE-ZI-1.pdf\" target=\"_blank\" rel=\"noopener\"><span lang=\"ro-RO\">Dispozi\u0163ia nr. 53\/12.03.2025 privind convocarea Consiliului local al comunei C\u0103pleni<\/span><\/a><\/p>\n<p><a href=\"https:\/\/capleni.ro\/wp-content\/uploads\/2025\/03\/ORDINE-DE-ZI.pdf\" target=\"_blank\" rel=\"noopener\"><span lang=\"ro-RO\">Dispozi\u0163ia nr. 44\/06.03.2025 privind convocarea Consiliului local al comunei C\u0103pleni<\/span><\/a><\/p>\n<p><a href=\"https:\/\/capleni.ro\/wp-content\/uploads\/2025\/03\/ORDINE-DE-ZI-2.pdf\" target=\"_blank\" rel=\"noopener\"><span lang=\"ro-RO\">Dispozi\u0163ia nr. 32\/21.02.2025 privind convocarea Consiliului local al comunei C\u0103pleni<\/span><\/a><\/p>\n<p><a href=\"https:\/\/capleni.ro\/wp-content\/uploads\/2026\/02\/Dispozitia-29-din-2025.pdf\" target=\"_blank\" rel=\"noopener\">Dispozi\u0163ia nr. 29\/12.02.2025. privind Actualizarea Comisiei locale pentru probleme de ap\u0103rare<\/a><\/p>\n<p><a href=\"https:\/\/capleni.ro\/wp-content\/uploads\/2026\/02\/Dispozitia-17-din-2025.pdf\" target=\"_blank\" rel=\"noopener\">Dispozi\u0163ia nr. 17\/27.01.2025. privind organizarea \u0219i desf\u0103\u0219urarea examenului de promovare \u00een grad profesional imediat superior pentru un post de consilier asistent \u00een consilier principal din cadrul aparatului propriu al primarului comunei C\u0103pleni, jude\u021bul Satu Mare<\/a><\/p>\n<p><a href=\"https:\/\/capleni.ro\/wp-content\/uploads\/2026\/02\/Dispozitia-16-din-2025.pdf\" target=\"_blank\" rel=\"noopener\">Dispozi\u0163ia nr. 16\/27.01.2025. privind numirea comisiei de evaluare a ofertelor ce urmeaz\u0103 a fi depuse \u00een cadrul achizi\u021biei directe pentru atribuirea contractului de furnizare \u201dFurnizarea dotari Sala de sport in cadrul Scolii Gimnaziale F\u00e9nyi Istv\u00e1n Capleni, judetul Satu Mare\u201d<\/a><\/p>\n<p><a href=\"https:\/\/capleni.ro\/wp-content\/uploads\/2026\/02\/Dispozitia-11-din-2025.pdf\" target=\"_blank\" rel=\"noopener\">Dispozi\u0163ia nr. 11\/17.01.2025. privind Convocarea Consiliului local al comunei C\u0103pleni<\/a><\/p>\n<p><a href=\"https:\/\/capleni.ro\/wp-content\/uploads\/2025\/03\/ORDINE-DE-ZI-electronic.pdf\" target=\"_blank\" rel=\"noopener\">Dispozi\u0163ia nr. 7\/14.01.2025.<\/a><\/p>\n<p><a href=\"https:\/\/capleni.ro\/wp-content\/uploads\/2026\/02\/Dispozitia-4-din-2025.pdf\" target=\"_blank\" rel=\"noopener\">Dispozi\u0163ia nr. 4\/09.01.2025. constituirea comisiei de concurs pentru concursul organizat \u00een vederea ocup\u0103rii postului contractual vacant de muncitor I \u00een cadrul Compartimentului administrativ \u0219i gospod\u0103rire comunal\u0103<\/a><\/p>\n<p><a href=\"https:\/\/capleni.ro\/wp-content\/uploads\/2026\/02\/Dispozitia-1-din-2025.pdf\" target=\"_blank\" rel=\"noopener\">Dispozi\u0163ia nr. 1\/09.01.2025. privind aprobarea acoperirii definitive din excedentul bugetului local a deficitului sec\u021biunii de dezvoltare.<\/a><\/p>\n<h2>2024<\/h2>\n<p><a href=\"https:\/\/capleni.ro\/wp-content\/uploads\/2025\/03\/ORDINE-DE-ZI-1-1.pdf\" target=\"_blank\" rel=\"noopener\">Dispozi\u0163ia nr. 322\/21.11.2024 privind convocarea Consiliului local al comunei C\u0103pleni<\/a><\/p>\n<p><a href=\"https:\/\/capleni.ro\/wp-content\/uploads\/2025\/03\/ORDINE-DE-ZI-2-1.pdf\" target=\"_blank\" rel=\"noopener\">Dispozi\u0163ia nr.\u00a0313\/21.11.2024\u00a0privind convocarea Consiliului local al comunei C\u0103pleni<\/a><\/p>\n<p><a href=\"https:\/\/capleni.ro\/wp-content\/uploads\/2025\/03\/ORDINE-DE-ZI-3.pdf\" target=\"_blank\" rel=\"noopener\">Dispozi\u0163ia nr. 275\/10.10.2024. privind convocarea Consiliului local al comunei C\u0103pleni<\/a><\/p>\n<p><a href=\"https:\/\/capleni.ro\/wp-content\/uploads\/2025\/03\/dispozitia-nr-272-10-10-2024.pdf\" target=\"_blank\" rel=\"noopener\">Dispozi\u0163ia nr. 272\/10.10.2024. privind convocarea Consiliului local al comunei C\u0103pleni<\/a><\/p>\n<p><a href=\"https:\/\/capleni.ro\/wp-content\/uploads\/2025\/03\/dispozitia-271.pdf\" target=\"_blank\" rel=\"noopener\">Dispozi\u0163ia nr. 271\/08.10.2024.<\/a><\/p>\n<p><a href=\"https:\/\/capleni.ro\/wp-content\/uploads\/2025\/03\/ORDINE-DE-ZI-4.pdf\" target=\"_blank\" rel=\"noopener\">Dispozi\u0163ia nr. 253\/13.09.2024. privind convocarea Consiliului local al comunei C\u0103pleni<\/a><\/p>\n<p><a href=\"https:\/\/capleni.ro\/wp-content\/uploads\/2025\/03\/ORDINE-DE-ZI-5.pdf\" target=\"_blank\" rel=\"noopener\">Dispozi\u0163ia nr. 232\/12.08.2024. privind convocarea Consiliului local al comunei C\u0103pleni<\/a><\/p>\n<p><a href=\"https:\/\/capleni.ro\/wp-content\/uploads\/2025\/03\/ORDINE-DE-ZI-6.pdf\" target=\"_blank\" rel=\"noopener\">Dispozi\u0163ia nr. 209\/12.07.2024. privind convocarea Consiliului local al comunei C\u0103pleni<\/a><\/p>\n<p><a href=\"https:\/\/capleni.ro\/wp-content\/uploads\/2025\/03\/ORDINE-DE-ZI-7.pdf\" target=\"_blank\" rel=\"noopener\">Dispozi\u0163ia nr. 184\/17.06.2024.<\/a><\/p>\n<p><a href=\"https:\/\/capleni.ro\/wp-content\/uploads\/2025\/03\/ORDINE-DE-ZI-8.pdf\" target=\"_blank\" rel=\"noopener\">Dispozi\u0163ia nr. 177\/24.05.2024.<\/a><\/p>\n<p><a href=\"https:\/\/capleni.ro\/wp-content\/uploads\/2025\/03\/dispozitia-nr-161.pdf\" target=\"_blank\" rel=\"noopener\">Dispozi\u0163ia nr. 161\/13.05.2024.<\/a><\/p>\n<p><a href=\"https:\/\/capleni.ro\/wp-content\/uploads\/2025\/03\/ORDINE-DE-ZI-9.pdf\" target=\"_blank\" rel=\"noopener\">Dispozi\u0163ia nr. 151\/17.04.2024. privind convocarea Consiliului local al comunei C\u0103pleni<\/a><\/p>\n<p><a href=\"https:\/\/capleni.ro\/wp-content\/uploads\/2025\/03\/ORDINE-DE-ZI-10.pdf\" target=\"_blank\" rel=\"noopener\">Dispozi\u0163ia nr. 132\/21.03.2024. privind convocarea Consiliului local al comunei C\u0103pleni<\/a><\/p>\n<p><a href=\"https:\/\/capleni.ro\/wp-content\/uploads\/2025\/03\/ORDINE-DE-ZI-electronic-1.pdf\" target=\"_blank\" rel=\"noopener\">Dispozi\u0163ia nr. 127\/05.03.2024. privind convocarea Consiliului local al comunei C\u0103pleni<\/a><\/p>\n<p><a href=\"https:\/\/capleni.ro\/wp-content\/uploads\/2025\/03\/ORDINE-DE-ZI-11.pdf\" target=\"_blank\" rel=\"noopener\">Dispozi\u0163ia nr. 108\/05.02.2024. privind convocarea Consiliului local al comunei C\u0103pleni<\/a><\/p>\n<p><a href=\"https:\/\/capleni.ro\/wp-content\/uploads\/2025\/03\/ORDINE-DE-ZI-electronic-2.pdf\" target=\"_blank\" rel=\"noopener\">Dispozi\u0163ia nr. 3\/2024. privind convocarea Consiliului local al comunei C\u0103pleni<\/a><\/p>\n<h2>2023<\/h2>\n<p><a href=\"https:\/\/capleni.ro\/wp-content\/uploads\/2025\/03\/2023-comisie-evaluare-bunuri.pdf\" target=\"_blank\" rel=\"noopener\">Dispozi\u021bia nr. 349\/2023. privind constituirea Comisiei de evaluare \u015fi inventariere a bunurilor primite cu titlu gratuit cu prilejul unor ac\u0163iuni de protocol \u00een exerci\u0163iul mandatului sau al func\u0163iei de c\u0103tre primarul, viceprimarul, ale\u015fii locali precum \u015fi de c\u0103tre personalul din cadrul aparatului de specialitate al primarului comunei C\u0103pleni<\/a><\/p>\n<p><a href=\"https:\/\/capleni.ro\/wp-content\/uploads\/2025\/03\/2023-dispozitie-actualizare-comitet-local-pt-sit-urgenta.pdf\" target=\"_blank\" rel=\"noopener\">Dispozi\u0163ia Nr. 346\/2023. privind actualizarea Comitetului Local pentru Situa\u021bii de Urgen\u021b\u0103 al comunei C\u0103pleni, Centrului Operativ cu activitate temporar\u0103 \u0219i a Regulamentului privind structura organizatoric\u0103, atribu\u021biile, func\u021bionarea \u0219i dotarea Comitetului Local pentru Situa\u021bii de Urgen\u021b\u0103 al comunei C\u0103pleni \u015fi Centrului Operativ pentru Situa\u021bii de Urgen\u021b\u0103<\/a><\/p>\n<p><a href=\"https:\/\/capleni.ro\/wp-content\/uploads\/2025\/03\/2023-dispozitie-actualizare-comitet-local-pt-sit-urgenta-anexe.pdf\" target=\"_blank\" rel=\"noopener\">Anexa nr. 1 la Dispozitia nr. 346\/27.12.2023<\/a><\/p>\n<p><a href=\"https:\/\/capleni.ro\/wp-content\/uploads\/2025\/03\/ORDINE-DE-ZI-12.pdf\" target=\"_blank\" rel=\"noopener\">Dispozi\u0163ia nr. 345\/2023. privind convocarea Consiliului local al comunei C\u0103pleni<\/a><\/p>\n<p><a href=\"https:\/\/capleni.ro\/wp-content\/uploads\/2025\/03\/ORDINE-DE-ZI-electronic-1-1.pdf\" target=\"_blank\" rel=\"noopener\">Dispozi\u0163ia nr. 344\/2023. privind convocarea Consiliului local al comunei C\u0103pleni<\/a><\/p>\n<p><a href=\"https:\/\/capleni.ro\/wp-content\/uploads\/2025\/03\/ORDINE-DE-ZI-electronic-3.pdf\" target=\"_blank\" rel=\"noopener\">Dispozi\u0163ia nr. 343\/2023. privind convocarea Consiliului local al comunei C\u0103pleni<\/a><\/p>\n<p><a href=\"https:\/\/capleni.ro\/wp-content\/uploads\/2025\/03\/ORDINE-DE-ZI-13.pdf\" target=\"_blank\" rel=\"noopener\">Dispozi\u0163ia nr. 324\/2023. privind convocarea Consiliului local al comunei C\u0103pleni<\/a><\/p>\n<p><a href=\"https:\/\/capleni.ro\/wp-content\/uploads\/2025\/03\/311.pdf\" target=\"_blank\" rel=\"noopener\">Dispozi\u0163ia nr. 311\/2023. privind Convocarea Consiliului local al comunei C\u0103pleni<\/a><\/p>\n<p><a href=\"https:\/\/capleni.ro\/wp-content\/uploads\/2025\/03\/ORDINE-DE-ZI-14.pdf\" target=\"_blank\" rel=\"noopener\">Dispozi\u0163ia nr. 304\/2023. privind convocarea Consiliului local al comunei C\u0103pleni<\/a><\/p>\n<p><a href=\"https:\/\/capleni.ro\/wp-content\/uploads\/2025\/03\/230.pdf\" target=\"_blank\" rel=\"noopener\">Dispozi\u0163ia nr. 230\/2023. privind constituirea comisiei de recep\u0163ie la terminarea lucr\u0103rii pentru obiectivul \u201dExtindere \u0219i reabilitare sistem de iluminat public \u00een comuna C\u0103pleni, jude\u021bul Satu Mare\u201d<\/a><\/p>\n<p><a href=\"https:\/\/capleni.ro\/wp-content\/uploads\/2025\/03\/217.pdf\" target=\"_blank\" rel=\"noopener\">Dispozi\u0163ia nr. 217\/2023. privind desemnarea reprezentantului primarului comunei C\u0103pleni \u00een Consiliul de administra\u0163ie a \u015ecolii Gimnaziale \u201dF\u00e9nyi Istv\u00e1n\u201d C\u0103pleni pentru anul \u0219colar 2023-2024<\/a><\/p>\n<p><a href=\"https:\/\/capleni.ro\/wp-content\/uploads\/2025\/03\/ORDINE-DE-ZI-15.pdf\" target=\"_blank\" rel=\"noopener\">Dispozi\u0163ia nr. 215\/2023. privind convocarea Consiliului local al comunei C\u0103pleni<\/a><\/p>\n<p><a href=\"https:\/\/capleni.ro\/wp-content\/uploads\/2025\/03\/207.pdf\" target=\"_blank\" rel=\"noopener\">Dispozi\u0163ia nr. 207\/2023. privind constituirea comisiei de recep\u0163ie par\u0163ial\u0103 a lucr\u0103rilor de construc\u0163ii aferente obiectivului: \u201dExtindere \u0219i reabilitare sistem de iluminat public \u00een comuna C\u0103pleni, jude\u021bul Satu Mare\u201d<\/a><\/p>\n<p><a href=\"https:\/\/capleni.ro\/wp-content\/uploads\/2025\/03\/206.pdf\" target=\"_blank\" rel=\"noopener\">Dispozi\u0163ia nr. 206\/2023. privind constituirea comisiei de recep\u0163ie par\u0163ial\u0103 a lucr\u0103rilor de construc\u0163ii aferente obiectivului: \u201dModernizarea str\u0103zilor \u00een comuna C\u0103pleni\u201d<\/a><\/p>\n<p><a href=\"https:\/\/capleni.ro\/wp-content\/uploads\/2025\/03\/201.pdf\" target=\"_blank\" rel=\"noopener\">Dispozi\u0163ia nr. 201\/2023. privind Convocarea Consiliului local al comunei C\u0103pleni<\/a><\/p>\n<p><a href=\"https:\/\/capleni.ro\/wp-content\/uploads\/2025\/03\/199.pdf\" target=\"_blank\" rel=\"noopener\">Dispozi\u0163ia nr. 199\/2023. privind numirea comisiei de evaluare a ofertelor \u00een vederea v\u00e2nz\u0103rii prin licita\u021bie public\u0103 deschis\u0103 a mijlocului fix \u201eBuldoexcavator, marca CASE, Model 580-4&#215;4\u201d<\/a><\/p>\n<p><a href=\"https:\/\/capleni.ro\/wp-content\/uploads\/2025\/03\/188.pdf\" target=\"_blank\" rel=\"noopener\">Dispozi\u0163ia nr. 188\/2023. privind Convocarea Consiliului local al comunei C\u0103pleni<\/a><\/p>\n<p><a href=\"https:\/\/capleni.ro\/wp-content\/uploads\/2025\/03\/ORDINE-DE-ZI-16.pdf\" target=\"_blank\" rel=\"noopener\">Dispozi\u0163ia nr. 172\/2023. privind convocarea Consiliului local al comunei C\u0103pleni<\/a><\/p>\n<p><a href=\"https:\/\/capleni.ro\/wp-content\/uploads\/2025\/03\/163.pdf\" target=\"_blank\" rel=\"noopener\">Dispozi\u0163ia nr. 163\/2023. privind constituirea Comisiei de evaluare a ofertelor privind licita\u021biile publice ce se vor organiza \u00een scopul concesion\u0103rii de bunuri apar\u021bin\u00e2nd domeniului privat al comunei C\u0103pleni<\/a><\/p>\n<p><a href=\"https:\/\/capleni.ro\/wp-content\/uploads\/2025\/03\/ORDINE-DE-ZI-electronic-4.pdf\" target=\"_blank\" rel=\"noopener\">Dispozi\u0163ia nr. 161\/2023. privind convocarea Consiliului local al comunei C\u0103pleni<\/a><\/p>\n<p><a href=\"https:\/\/capleni.ro\/wp-content\/uploads\/2025\/03\/ORDINE-DE-ZI-17.pdf\" target=\"_blank\" rel=\"noopener\">Dispozi\u0163ia nr. 151\/2023. privind convocarea Consiliului local al comunei C\u0103pleni<\/a><\/p>\n<p><a href=\"https:\/\/capleni.ro\/wp-content\/uploads\/2025\/03\/ORDINE-DE-ZI-electronic-5.pdf\" target=\"_blank\" rel=\"noopener\">Dispozi\u021bia nr. 132\/2023. privind convocarea Consiliului local al comunei C\u0103pleni<\/a><\/p>\n<p><a href=\"https:\/\/capleni.ro\/wp-content\/uploads\/2025\/03\/ORDINE-DE-ZI-18.pdf\" target=\"_blank\" rel=\"noopener\">Dispozi\u021bia nr. 120\/2023. privind convocarea Consiliului local al comunei C\u0103pleni<\/a><\/p>\n<p><a href=\"https:\/\/capleni.ro\/wp-content\/uploads\/2025\/03\/115.pdf\" target=\"_blank\" rel=\"noopener\">Dispozi\u0163ia nr.115\/2023. privind desemnarea persoanei responsabile cu protec\u021bia datelor cu caracter personal la nivelul Comunei<\/a><\/p>\n<p><a href=\"https:\/\/capleni.ro\/wp-content\/uploads\/2025\/03\/104.pdf\" target=\"_blank\" rel=\"noopener\">Dispozi\u0163ia nr. 104\/2023. privind Constituirea comisiei de concurs pentru concursul organizat \u00een vederea ocup\u0103rii postului contractual vacant de muncitor I \u00een cadrul Compartimentului administrativ \u0219i gospod\u0103rire comunal\u0103<\/a><\/p>\n<p><a href=\"https:\/\/capleni.ro\/wp-content\/uploads\/2025\/03\/103.pdf\" target=\"_blank\" rel=\"noopener\">Dispozi\u0163ia nr. 103\/2023. privind Aprobarea Regulamentului privind ocuparea unui post vacant sau temporar vacant corespunz\u0103tor unei func\u021bii contractuale \u0219i promovarea personalului contractual din cadrul Prim\u0103riei comunei C\u0103pleni<\/a><\/p>\n<p><a href=\"https:\/\/capleni.ro\/wp-content\/uploads\/2025\/03\/102.pdf\" target=\"_blank\" rel=\"noopener\">Dispozi\u0163ia nr. 102\/2023. privind Modificarea Comisiei de Monitorizare responsabil\u0103 cu implementarea \u0219i dezvoltarea sistemului de control intern managerial<\/a><\/p>\n<p><a href=\"https:\/\/capleni.ro\/wp-content\/uploads\/2025\/03\/ORDINE-DE-ZI-19.pdf\" target=\"_blank\" rel=\"noopener\">Dispozi\u021bia nr.\u00a0101\/2023.\u00a0privind convocarea Consiliului local al comunei C\u0103pleni<\/a><\/p>\n<p><a href=\"https:\/\/capleni.ro\/wp-content\/uploads\/2025\/03\/88.pdf\" target=\"_blank\" rel=\"noopener\">Dispozi\u0163ia nr. 88\/2023. privind modificarea Comisiei de Monitorizare responsabil\u0103 cu implementarea \u0219i dezvoltarea sistemului de control intern managerial<\/a><\/p>\n<p><a href=\"https:\/\/capleni.ro\/wp-content\/uploads\/2025\/03\/D-I-S-P-O-Z-I-T-I-A-Nr-87-2023.pdf\" target=\"_blank\" rel=\"noopener\">Dispozi\u021bia nr. 87\/2023. privind convocarea Consiliului local al comunei C\u0103pleni<\/a><\/p>\n<p><a href=\"https:\/\/capleni.ro\/wp-content\/uploads\/2025\/03\/85-comisia-de-evaluare-oferte-dispensar.pdf\" target=\"_blank\" rel=\"noopener\">Dispozi\u0163ia nr. 85\/2023. privind constituirea Comisiei de evaluare a ofertelor \u00een vederea atribuirii contractului de achizi\u021bie public\u0103 de lucr\u0103ri Schimbarea acoperi\u0219ului la obiectivul de investi\u021bii: \u201eModernizare cl\u0103dire Dispensar uman C\u0103pleni\u201d<\/a><\/p>\n<p><a href=\"https:\/\/capleni.ro\/wp-content\/uploads\/2025\/03\/79-convocare.pdf\" target=\"_blank\" rel=\"noopener\">Dispozi\u021bia nr. 79\/2023. privind convocarea Consiliului local al comunei C\u0103pleni<\/a><\/p>\n<p><a href=\"https:\/\/capleni.ro\/wp-content\/uploads\/2025\/03\/44.pdf\" target=\"_blank\" rel=\"noopener\">Dispozi\u0163ia nr. 44\/2023. privind modificare a dispozi\u021biei nr. 268\/2022 privind constituirea comisiilor de concurs \u0219i de solu\u021bionare a contesta\u021biilor pentru concursul de recrutare a unui func\u021bionar public din cadrul aparatului de specialitate al Primarului comunei C\u0103pleni, jude\u021bul Satu Mare<\/a><\/p>\n<p><a href=\"https:\/\/capleni.ro\/wp-content\/uploads\/2025\/03\/4.pdf\" target=\"_blank\" rel=\"noopener\">Dispozi\u021bia nr. 4\/2023. privind reactualizarea Unit\u0103\u0163ii Locale de Sprijin din comuna C\u0103pleni, judetul Satu Mare<\/a><\/p>\n<p><a href=\"https:\/\/capleni.ro\/wp-content\/uploads\/2025\/03\/03-convocare.pdf\" target=\"_blank\" rel=\"noopener\">Dispozi\u021bia nr. 3\/2023. privind convocarea Consiliului local al comunei C\u0103pleni<\/a><\/p>\n<p><a href=\"https:\/\/capleni.ro\/wp-content\/uploads\/2025\/03\/02-acoperire-excedent-din-fond-rulment-disp-2.pdf\" target=\"_blank\" rel=\"noopener\">Dispozi\u021bia nr. 2\/2023. privind aprobarea acoperirii definitive din excedentul bugetului local, a deficitului sec\u021biunii de dezvoltare<\/a><\/p>\n<p><a href=\"https:\/\/capleni.ro\/wp-content\/uploads\/2025\/03\/01-comisia-de-evaluare-oferte-strada-maghiara-2023.pdf\" target=\"_blank\" rel=\"noopener\">Dispozi\u0163ia nr. 1\/2023. privind constituirea Comisiei de evaluare a ofertelor \u00een vederea atribuirii contractului de achizi\u021bie public\u0103 de lucr\u0103ri: \u201eModernizare strazilor din comuna C\u0103pleni\u201d<\/a><\/p>\n<h2>2022<\/h2>\n<p><a href=\"https:\/\/capleni.ro\/wp-content\/uploads\/2025\/03\/dispozitie-comisie-de-concurs.pdf\" target=\"_blank\" rel=\"noopener\">Dispozi\u0163ia nr. 268\/2022. privind constituirea comisiilor de concurs \u0219i de solu\u021bionare a contesta\u021biilor pentru concursul de recrutare a unui func\u021bionar public din cadrul aparatului de specialitate al Primarului comunei C\u0103pleni, jude\u021bul Satu Mare.<\/a><\/p>\n<p><a href=\"https:\/\/capleni.ro\/wp-content\/uploads\/2025\/03\/comisia-de-inventariere-disp267.pdf\" target=\"_blank\" rel=\"noopener\">Dispozi\u0163ia nr. 267\/2022 pentru constituirea Comisiei de inventariere general\u0103 \u015fi casare de bunuri aflate \u00een patrimoniul comunei C\u0103pleni, pe anul 2022<\/a><\/p>\n<p><a href=\"https:\/\/capleni.ro\/wp-content\/uploads\/2025\/03\/263-convocare.pdf\" target=\"_blank\" rel=\"noopener\">Dispozi\u0163ia nr. 263\/2022. privind convocarea Consiliului local al comunei C\u0103pleni<\/a><\/p>\n<p><a href=\"https:\/\/capleni.ro\/wp-content\/uploads\/2025\/03\/259-convocare.pdf\" target=\"_blank\" rel=\"noopener\">Dispozi\u0163ia nr. 259\/2022. privind convocarea Consiliului local al comunei C\u0103pleni<\/a><\/p>\n<p><a href=\"https:\/\/capleni.ro\/wp-content\/uploads\/2025\/03\/2582022-delegare-atributii-de-secretar-Izolda.pdf\" target=\"_blank\" rel=\"noopener\">Dispozi\u0163ia nr. 258 \/2022 privind delegarea unor atribu\u021bii doamnei Ionucz Gabriela-Izolda- consilier principal \u00een Compartimentul financiar contabil, taxe \u0219i impozite locale, resurse umane din cadrul aparatului de specialitate al primarului comunei C\u0103pleni<\/a><\/p>\n<p><a href=\"https:\/\/capleni.ro\/wp-content\/uploads\/2025\/03\/2572022-delegare-atributii-de-as-social-Zsuzsa.pdf\" target=\"_blank\" rel=\"noopener\">Dispozi\u0163ia nr. 257\/2022 privind delegarea unor atribu\u021bii doamnei M\u00e9sz\u00e1ros Zsuzsa &#8211; consilier asistent \u00een Compartimentul financiar contabil, taxe \u0219i impozite locale, resurse umane din cadrul aparatului de specialitate al primarului comunei C\u0103pleni<\/a><\/p>\n<p><a href=\"https:\/\/capleni.ro\/wp-content\/uploads\/2025\/03\/2562022-delegare-atributii-de-as-social-Izolda.pdf\" target=\"_blank\" rel=\"noopener\">Dispozi\u0163ia nr. 256\/2022 privind delegarea unor atribu\u021bii doamnei Ionucz Gabriela-Izolda- consilier principal \u00een Compartimentul financiar contabil, taxe \u0219i impozite locale, resurse umane din cadrul aparatului de specialitate al primarului comunei C\u0103pleni<\/a><\/p>\n<p><a href=\"https:\/\/capleni.ro\/wp-content\/uploads\/2025\/03\/234-convocare.pdf\" target=\"_blank\" rel=\"noopener\">Dispozi\u0163ia nr. 234\/2022. privind convocarea Consiliului local al comunei C\u0103pleni<\/a><\/p>\n<p><a href=\"https:\/\/capleni.ro\/wp-content\/uploads\/2025\/03\/232-convocare-.pdf\" target=\"_blank\" rel=\"noopener\">Dispozi\u0163ia nr. 232\/2022. privind convocarea Consiliului local al comunei C\u0103pleni<\/a><\/p>\n<p><a href=\"https:\/\/capleni.ro\/wp-content\/uploads\/2025\/03\/ORDINE-DE-ZI-electronic-6.pdf\" target=\"_blank\" rel=\"noopener\">Dispozi\u021bia nr. 185\/2022. privind convocarea Consiliului local al comunei C\u0103pleni.<\/a><\/p>\n<p><a href=\"https:\/\/capleni.ro\/wp-content\/uploads\/2025\/03\/dispozitia-167-2022.pdf\" target=\"_blank\" rel=\"noopener\">Dispozi\u0163ia nr.167\/2022. privind convocarea Consiliului local al comunei C\u0103pleni.<\/a><\/p>\n<p><a href=\"https:\/\/capleni.ro\/wp-content\/uploads\/2025\/03\/Plan-de-integritate-2021-2025-a-Primariei-Comunei-Capleni.pdf\" target=\"_blank\" rel=\"noopener\">Anexa la Dispozi\u021bia nr.149\/28.06.222<\/a><\/p>\n<p><a href=\"https:\/\/capleni.ro\/wp-content\/uploads\/2025\/03\/2022-plan-de-integ-si-responsabil-SNA-2021-2025.pdf\" target=\"_blank\" rel=\"noopener\">Dispozi\u0163ia nr. 149\/2022 privind aprobarea Planului de integritate, desemnarea coordonatorului \u0219i a unei persoane responsabile de implementarea Strategiei Na\u021bionale Anticorup\u021bie 202l-2025 la nivelul UAT comuna C\u0103pleni<\/a><\/p>\n<p><a href=\"https:\/\/capleni.ro\/wp-content\/uploads\/2025\/03\/ROI-2022-2024.pdf\" target=\"_blank\" rel=\"noopener\">DISPOZI\u0162IA nr. 144\/02. 06. 2022. privind aprobarea Regulamentului de ordine interioar\u0103 al aparatului de specialitate al Primarului comunei C\u0103pleni.<\/a><\/p>\n<p><a href=\"https:\/\/capleni.ro\/wp-content\/uploads\/2025\/03\/2021-Evidenta-Dispozitii.pdf\" target=\"_blank\" rel=\"noopener\">Registrul cu eviden\u021ba dispozi\u021biilor.<\/a><\/p>\n<p><a href=\"https:\/\/capleni.ro\/wp-content\/uploads\/2025\/03\/Dispozitia-nr-101.pdf\" target=\"_blank\" rel=\"noopener\">Dispozi\u021bia nr 101<\/a><\/p>\n<p><a href=\"https:\/\/capleni.ro\/wp-content\/uploads\/2025\/03\/Dispozitia-nr-89.pdf\" target=\"_blank\" rel=\"noopener\">Dispozi\u021bia nr 89<\/a><\/p>\n<p><a href=\"https:\/\/capleni.ro\/wp-content\/uploads\/2025\/03\/Dispozitia-nr-86.pdf\" target=\"_blank\" rel=\"noopener\">Dispozi\u021bia nr 86<\/a><\/p>\n<p><a href=\"https:\/\/capleni.ro\/wp-content\/uploads\/2025\/03\/Dispozitia-nr-85.pdf\" target=\"_blank\" rel=\"noopener\">Dispozi\u021bia nr 85<\/a><\/p>\n<p><a href=\"https:\/\/capleni.ro\/wp-content\/uploads\/2025\/03\/Dispozitia-nr-78.pdf\" target=\"_blank\" rel=\"noopener\">Dispozi\u021bia nr 78<\/a><\/p>\n<p><a href=\"https:\/\/capleni.ro\/wp-content\/uploads\/2025\/03\/Dispozitia-nr-77.pdf\" target=\"_blank\" rel=\"noopener\">Dispozi\u021bia nr 77<\/a><\/p>\n<p><a href=\"https:\/\/capleni.ro\/wp-content\/uploads\/2025\/03\/Dispozitia-nr-73.pdf\" target=\"_blank\" rel=\"noopener\">Dispozi\u021bia nr 73<\/a><\/p>\n<p><a href=\"https:\/\/capleni.ro\/wp-content\/uploads\/2025\/03\/Dispozitia-nr-69.pdf\" target=\"_blank\" rel=\"noopener\">Dispozi\u021bia nr 69<\/a><\/p>\n<p><a href=\"https:\/\/capleni.ro\/wp-content\/uploads\/2025\/03\/Dispozitia-nr-68.pdf\" target=\"_blank\" rel=\"noopener\">Dispozi\u021bia nr 68<\/a><\/p>\n<p><a href=\"https:\/\/capleni.ro\/wp-content\/uploads\/2025\/03\/Dispozitia-nr-67.pdf\" target=\"_blank\" rel=\"noopener\">Dispozi\u021bia nr 67<\/a><\/p>\n<p><a href=\"https:\/\/capleni.ro\/wp-content\/uploads\/2025\/03\/Dispozitia-nr-59.pdf\" target=\"_blank\" rel=\"noopener\">Dispozi\u021bia nr 59<\/a><\/p>\n<p><a href=\"https:\/\/capleni.ro\/wp-content\/uploads\/2025\/03\/Dispozitia-nr-57.pdf\" target=\"_blank\" rel=\"noopener\">Dispozi\u021bia nr 57<\/a><\/p>\n<p><a href=\"https:\/\/capleni.ro\/wp-content\/uploads\/2025\/03\/Dispozitia-nr-56.pdf\" target=\"_blank\" rel=\"noopener\">Dispozi\u021bia nr 56<\/a><\/p>\n<p><a href=\"https:\/\/capleni.ro\/wp-content\/uploads\/2025\/03\/Dispozitia-nr-46.pdf\" target=\"_blank\" rel=\"noopener\">Dispozi\u021bia nr 46<\/a><\/p>\n<p><a href=\"https:\/\/capleni.ro\/wp-content\/uploads\/2025\/03\/Dispozitia-nr-45.pdf\" target=\"_blank\" rel=\"noopener\">Dispozi\u021bia nr 45<\/a><\/p>\n<p><a href=\"https:\/\/capleni.ro\/wp-content\/uploads\/2025\/03\/Dispozitia-nr-43.pdf\" target=\"_blank\" rel=\"noopener\">Dispozi\u021bia nr 43<\/a><\/p>\n<p><a href=\"https:\/\/capleni.ro\/wp-content\/uploads\/2025\/03\/Dispozitia-nr-42.pdf\" target=\"_blank\" rel=\"noopener\">Dispozi\u021bia nr 42<\/a><\/p>\n<p><a href=\"https:\/\/capleni.ro\/wp-content\/uploads\/2025\/03\/Dispozitia-nr-40.pdf\" target=\"_blank\" rel=\"noopener\">Dispozi\u021bia nr 40<\/a><\/p>\n<p><a href=\"https:\/\/capleni.ro\/wp-content\/uploads\/2025\/03\/Dispozitia-nr-39.pdf\" target=\"_blank\" rel=\"noopener\">Dispozi\u021bia nr 39<\/a><\/p>\n<p><a href=\"https:\/\/capleni.ro\/wp-content\/uploads\/2025\/03\/Dispozitia-nr-36.pdf\" target=\"_blank\" rel=\"noopener\">Dispozi\u021bia nr 36<\/a><\/p>\n<p><a href=\"https:\/\/capleni.ro\/wp-content\/uploads\/2025\/03\/Dispozitia-nr-35.pdf\" target=\"_blank\" rel=\"noopener\">Dispozi\u021bia nr 35<\/a><\/p>\n<p><a href=\"https:\/\/capleni.ro\/wp-content\/uploads\/2025\/03\/Dispozitia-nr-27.pdf\" target=\"_blank\" rel=\"noopener\">Dispozi\u021bia nr 27<\/a><\/p>\n<p><a href=\"https:\/\/capleni.ro\/wp-content\/uploads\/2025\/03\/Dispozitia-nr-26.pdf\" target=\"_blank\" rel=\"noopener\">Dispozi\u021bia nr 26<\/a><\/p>\n<p><a href=\"https:\/\/capleni.ro\/wp-content\/uploads\/2025\/03\/Dispozitia-nr-25.pdf\" target=\"_blank\" rel=\"noopener\">Dispozi\u021bia nr 25<\/a><\/p>\n<p><a href=\"https:\/\/capleni.ro\/wp-content\/uploads\/2025\/03\/Convocare.pdf\" target=\"_blank\" rel=\"noopener\">Dispozi\u021bia nr 23\/2021 privind convocarea Consiliului local al comunei C\u0103pleni.<\/a><\/p>\n<p><a href=\"https:\/\/capleni.ro\/wp-content\/uploads\/2025\/03\/DISP.22.pdf\" target=\"_blank\" rel=\"noopener\">Dispozi\u021bia nr 22\/2021.<\/a><\/p>\n<p><a href=\"https:\/\/capleni.ro\/wp-content\/uploads\/2025\/03\/DISP-NR-21.pdf\" target=\"_blank\" rel=\"noopener\">Dispozi\u021bia nr 21\/2021.<\/a><\/p>\n<p><a href=\"https:\/\/capleni.ro\/wp-content\/uploads\/2025\/03\/DISP-Nr.-20.pdf\" target=\"_blank\" rel=\"noopener\">Dispozi\u021bia nr 20\/2021.<\/a><\/p>\n<p><a href=\"https:\/\/capleni.ro\/wp-content\/uploads\/2025\/03\/DISP-Nr-19.pdf\" target=\"_blank\" rel=\"noopener\">Dispozi\u021bia nr 19\/2021.<\/a><\/p>\n<p><a href=\"https:\/\/capleni.ro\/wp-content\/uploads\/2025\/03\/DISP-NR-18.pdf\" target=\"_blank\" rel=\"noopener\">Dispozi\u021bia nr 18\/2021.<\/a><\/p>\n<p><a href=\"https:\/\/capleni.ro\/wp-content\/uploads\/2025\/03\/DISP-NR-17.pdf\" target=\"_blank\" rel=\"noopener\">Dispozi\u021bia nr 17\/2021 privind convocarea Consiliului local al comunei C\u0103pleni.<\/a><\/p>\n<p><a href=\"https:\/\/capleni.ro\/wp-content\/uploads\/2025\/03\/DISP-NR-3.pdf\" target=\"_blank\" rel=\"noopener\">Dispozi\u021bia nr 3\/2021 privind convocarea Consiliului local al comunei C\u0103pleni.<\/a><\/p>\n","protected":false},"excerpt":{"rendered":"<p>Dispozi\u0163ia Nr. 79\/20.04.2026. privind convocarea Consiliului local al comunei C\u0103pleni Dispozi\u0163ia Nr. 65\/01.04.2026. privind convocarea Consiliului local al comunei C\u0103pleni Dispozi\u0163ia Nr. 47\/13.03.2026. privind convocarea Consiliului local al comunei C\u0103pleni Dispozi\u0163ia Nr. 31\/13.02.2026. privind convocarea Consiliului local al comunei C\u0103pleni Dispozi\u0163ia Nr. 29\/03.02.2026. privind constituirea comisiei de recep\u021bie la terminarea lucr\u0103rii pentru obiectivul \u201dReabilitare moderat\u0103 [&hellip;]<\/p>\n","protected":false},"author":1,"featured_media":0,"parent":0,"menu_order":0,"comment_status":"closed","ping_status":"closed","template":"","meta":{"footnotes":""},"class_list":["post-795","page","type-page","status-publish"],"_links":{"self":[{"href":"https:\/\/capleni.ro\/index.php?rest_route=\/wp\/v2\/pages\/795","targetHints":{"allow":["GET"]}}],"collection":[{"href":"https:\/\/capleni.ro\/index.php?rest_route=\/wp\/v2\/pages"}],"about":[{"href":"https:\/\/capleni.ro\/index.php?rest_route=\/wp\/v2\/types\/page"}],"author":[{"embeddable":true,"href":"https:\/\/capleni.ro\/index.php?rest_route=\/wp\/v2\/users\/1"}],"replies":[{"embeddable":true,"href":"https:\/\/capleni.ro\/index.php?rest_route=%2Fwp%2Fv2%2Fcomments&post=795"}],"version-history":[{"count":52,"href":"https:\/\/capleni.ro\/index.php?rest_route=\/wp\/v2\/pages\/795\/revisions"}],"predecessor-version":[{"id":5080,"href":"https:\/\/capleni.ro\/index.php?rest_route=\/wp\/v2\/pages\/795\/revisions\/5080"}],"wp:attachment":[{"href":"https:\/\/capleni.ro\/index.php?rest_route=%2Fwp%2Fv2%2Fmedia&parent=795"}],"curies":[{"name":"wp","href":"https:\/\/api.w.org\/{rel}","templated":true}]}}