{"id":859,"date":"2025-03-04T13:55:31","date_gmt":"2025-03-04T13:55:31","guid":{"rendered":"https:\/\/capleni.ro\/?page_id=859"},"modified":"2026-03-26T10:32:43","modified_gmt":"2026-03-26T08:32:43","slug":"procese-verbale","status":"publish","type":"page","link":"https:\/\/capleni.ro\/?page_id=859","title":{"rendered":"Procese verbale"},"content":{"rendered":"<p style=\"text-align: right;\"><em>(Pentru vizualizare accesa\u021bi link-urile ata\u0219ate)<\/em><\/p>\n<h2 style=\"text-align: center;\">Procese verbale<\/h2>\n<p><a href=\"https:\/\/capleni.ro\/wp-content\/uploads\/2026\/03\/proces-verbal-febr-1.pdf\" target=\"_blank\" rel=\"noopener\">Proces verbal &#8211; 19 februarie 2026<\/a><\/p>\n<p><a href=\"https:\/\/capleni.ro\/wp-content\/uploads\/2026\/02\/proces-verbal.pdf\" target=\"_blank\" rel=\"noopener\">Proces verbal &#8211; 29 ianuarie 2026<\/a><\/p>\n<p><a href=\"https:\/\/capleni.ro\/wp-content\/uploads\/2026\/02\/proces-verbal-decembrie4.pdf\" target=\"_blank\" rel=\"noopener\">Proces verbal &#8211; 29 decembrie 2025<\/a><\/p>\n<p><a href=\"https:\/\/capleni.ro\/wp-content\/uploads\/2025\/12\/proces-verbal-decembrie3-1.pdf\" target=\"_blank\" rel=\"noopener\">Proces verbal &#8211; 18 decembrie 2025<\/a><\/p>\n<p><a href=\"https:\/\/capleni.ro\/wp-content\/uploads\/2025\/12\/Proces-verbal-electronic.pdf\" target=\"_blank\" rel=\"noopener\">Proces verbal &#8211; 11 decembrie 2025<\/a><\/p>\n<p><a href=\"https:\/\/capleni.ro\/wp-content\/uploads\/2025\/12\/proces-verbal-decembrie-1.pdf\" target=\"_blank\" rel=\"noopener\">Proces verbal &#8211; 8 decembrie 2025<\/a><\/p>\n<p><a href=\"https:\/\/capleni.ro\/wp-content\/uploads\/2025\/12\/proces-verbal-noiembrie-1.pdf\" target=\"_blank\" rel=\"noopener\">Proces verbal &#8211; 20 noiembrie 2025<\/a><\/p>\n<p><a href=\"https:\/\/capleni.ro\/wp-content\/uploads\/2025\/11\/proces-verbal-octombrie.pdf\" target=\"_blank\" rel=\"noopener\">Proces verbal &#8211; 28 octombrie 2025<\/a><\/p>\n<p><a href=\"https:\/\/capleni.ro\/wp-content\/uploads\/2025\/10\/proces-verbal-septembrie.pdf\" target=\"_blank\" rel=\"noopener\">Proces verbal &#8211; 25 septmebrie 2025<\/a><\/p>\n<p><a href=\"https:\/\/capleni.ro\/wp-content\/uploads\/2025\/10\/Proces-verbal-sept-online.pdf\" target=\"_blank\" rel=\"noopener\">Proces verbal &#8211; 1 septmebrie 2025<\/a><\/p>\n<p><a href=\"https:\/\/capleni.ro\/wp-content\/uploads\/2025\/08\/proces-verbal-august.pdf\" target=\"_blank\" rel=\"noopener\">Proces verbal &#8211; 5 august 2025<\/a><\/p>\n<p><a href=\"https:\/\/capleni.ro\/wp-content\/uploads\/2025\/08\/proces-verbal-iulie.pdf\" target=\"_blank\" rel=\"noopener\">Proces verbal &#8211; 17 iulie 2025<\/a><\/p>\n<p><a href=\"https:\/\/capleni.ro\/wp-content\/uploads\/2025\/07\/proces-verbal-iunie.pdf\" target=\"_blank\" rel=\"noopener\">Proces verbal &#8211; 17 iunie 2025<\/a><\/p>\n<p><a href=\"https:\/\/capleni.ro\/wp-content\/uploads\/2025\/06\/proces-verbal-mai-1.pdf\" target=\"_blank\" rel=\"noopener\">Proces verbal \u2013 12 mai 2025<\/a><\/p>\n<p><a href=\"https:\/\/capleni.ro\/wp-content\/uploads\/2025\/05\/proces-verbal-aprilie-2.pdf\" target=\"_blank\" rel=\"noopener\">Proces verbal \u2013 17 aprilie 2025<\/a><\/p>\n<p><a href=\"https:\/\/capleni.ro\/wp-content\/uploads\/2025\/05\/proces-verbal-aprilie.pdf\" target=\"_blank\" rel=\"noopener\">Proces verbal \u2013 7 aprilie 2025<\/a><\/p>\n<p><a href=\"https:\/\/capleni.ro\/wp-content\/uploads\/2025\/04\/proces-verbal-martie2-1.pdf\" target=\"_blank\" rel=\"noopener\">Proces verbal \u2013 18 martie 2025<\/a><\/p>\n<p><a href=\"https:\/\/capleni.ro\/wp-content\/uploads\/2025\/04\/proces-verbal-martie.pdf\" target=\"_blank\" rel=\"noopener\">Proces verbal \u2013 6 martie 2025<\/a><\/p>\n<p><a href=\"https:\/\/capleni.ro\/wp-content\/uploads\/2025\/03\/proces-verbal-afisare-procese-verbale-2.pdf\" target=\"_blank\" rel=\"noopener\">Proces verbal de afi\u015fare al proceselor verbale \u00eentocmite la \u015fedin\u0163a ordinar\u0103 din data de 27 februarie 2025 \u0219i \u0219edin\u021ba extraordinar\u0103 de \u00eendat\u0103 din data de 6 martie 2025<\/a><\/p>\n<p><a href=\"https:\/\/capleni.ro\/wp-content\/uploads\/2025\/04\/Proces-verbal-februarie2.pdf\" target=\"_blank\" rel=\"noopener\">Proces verbal \u2013 27 februarie 2025<\/a><\/p>\n<p><a href=\"https:\/\/capleni.ro\/wp-content\/uploads\/2025\/04\/Proces-verbal-ianuarie.pdf\" target=\"_blank\" rel=\"noopener\">Proces verbal \u2013 23 ianuarie 2025<\/a><\/p>\n<p><a href=\"https:\/\/capleni.ro\/wp-content\/uploads\/2025\/04\/Proces-verbal-decembrie.pdf\" target=\"_blank\" rel=\"noopener\">Proces verbal \u2013 17 decembrie\u00a02024<\/a><\/p>\n<p><a href=\"https:\/\/capleni.ro\/wp-content\/uploads\/2025\/04\/proces-verbal-oct.pdf\" target=\"_blank\" rel=\"noopener\">Proces verbal \u2013 24 octombrie\u00a02024<\/a><\/p>\n<p><a href=\"https:\/\/capleni.ro\/wp-content\/uploads\/2025\/04\/Proces-verbal-octomb-online.pdf\" target=\"_blank\" rel=\"noopener\">Proces verbal \u2013 14 octombrie\u00a02024<\/a><\/p>\n<p><a href=\"https:\/\/capleni.ro\/wp-content\/uploads\/2025\/04\/Proces-verbal-septembrie.pdf\" target=\"_blank\" rel=\"noopener\">Proces verbal \u2013 19 septembrie\u00a02024<\/a><\/p>\n<p><a href=\"https:\/\/capleni.ro\/wp-content\/uploads\/2025\/04\/Proces-verbal-septembrie-de-indata-online.pdf\" target=\"_blank\" rel=\"noopener\">Proces verbal \u2013 12 septembrie\u00a02024<\/a><\/p>\n<p><a href=\"https:\/\/capleni.ro\/wp-content\/uploads\/2025\/04\/Proces-verbal-august-electronic.pdf\" target=\"_blank\" rel=\"noopener\">Proces verbal \u2013 14 august\u00a02024<\/a><\/p>\n<p><a href=\"https:\/\/capleni.ro\/wp-content\/uploads\/2025\/04\/Proces-verbal-iulie.pdf\" target=\"_blank\" rel=\"noopener\">Proces verbal \u2013 18 iulie\u00a02024<\/a><\/p>\n<p><a href=\"https:\/\/capleni.ro\/wp-content\/uploads\/2025\/04\/Proces-verbal-iunie2.pdf\" target=\"_blank\" rel=\"noopener\">Proces verbal \u2013 28 iunie\u00a02024<\/a><\/p>\n<p><a href=\"https:\/\/capleni.ro\/wp-content\/uploads\/2025\/04\/Proces-verbal-17-iunie1.pdf\" target=\"_blank\" rel=\"noopener\">Proces verbal \u2013 17 iunie\u00a02024<\/a><\/p>\n<p><a href=\"https:\/\/capleni.ro\/wp-content\/uploads\/2025\/04\/Proces-verbal-28-mai.pdf\" target=\"_blank\" rel=\"noopener\">Proces verbal \u2013\u00a028 mai 2024<\/a><\/p>\n<p><a href=\"https:\/\/capleni.ro\/wp-content\/uploads\/2025\/04\/Proces-verbal-aprilie-2.pdf\" target=\"_blank\" rel=\"noopener\">Proces verbal \u2013 23\u00a0aprilie\u00a02024<\/a><\/p>\n<p><a href=\"https:\/\/capleni.ro\/wp-content\/uploads\/2025\/04\/Proces-verbal-aprilie-electronic.pdf\" target=\"_blank\" rel=\"noopener\">Proces verbal \u2013 17 aprilie\u00a02024<\/a><\/p>\n<p><a href=\"https:\/\/capleni.ro\/wp-content\/uploads\/2025\/04\/Proces-verbal-martie-25.pdf\" target=\"_blank\" rel=\"noopener\">Proces verbal \u2013 25 martie 2024<\/a><\/p>\n<p><a href=\"https:\/\/capleni.ro\/wp-content\/uploads\/2025\/04\/Proces-verbal-electronic.pdf\" target=\"_blank\" rel=\"noopener\">Proces verbal \u2013 5 martie 2024<\/a><\/p>\n<p><a href=\"https:\/\/capleni.ro\/wp-content\/uploads\/2025\/04\/Proces-verbal-februarie.pdf\" target=\"_blank\" rel=\"noopener\">Proces verbal \u2013 9 februarie 2024<\/a><\/p>\n<p><a href=\"https:\/\/capleni.ro\/wp-content\/uploads\/2025\/04\/Proces-verbal-ianuarie-electronic.pdf\" target=\"_blank\" rel=\"noopener\">Proces verbal \u2013 11 ianuarie 2024<\/a><\/p>\n<p><a href=\"https:\/\/capleni.ro\/wp-content\/uploads\/2025\/04\/Proces-verbal-decembrie-2.pdf\" target=\"_blank\" rel=\"noopener\">Proces verbal \u2013 21 decembrie 2023<\/a><\/p>\n<p><a href=\"https:\/\/capleni.ro\/wp-content\/uploads\/2025\/04\/Proces-verbal-decembrie-electronic.pdf\" target=\"_blank\" rel=\"noopener\">Proces verbal \u2013 18 decembrie 2023<\/a><\/p>\n<p><a href=\"https:\/\/capleni.ro\/wp-content\/uploads\/2025\/04\/Proces-verbal-decembrie-1.pdf\" target=\"_blank\" rel=\"noopener\">Proces verbal \u2013 8 decembrie 2023<\/a><\/p>\n<p><a href=\"https:\/\/capleni.ro\/wp-content\/uploads\/2025\/04\/Proces-verbal-noiembrie-extra.pdf\" target=\"_blank\" rel=\"noopener\">Proces verbal \u2013 20 noiembrie 2023<\/a><\/p>\n<p><a href=\"https:\/\/capleni.ro\/wp-content\/uploads\/2025\/04\/Proces-verbal-octombrie-extra.pdf\" target=\"_blank\" rel=\"noopener\">Proces verbal \u2013 26 octombrie 2023<\/a><\/p>\n<p><a href=\"https:\/\/capleni.ro\/wp-content\/uploads\/2025\/04\/Proces-verbal-octombrie.pdf\" target=\"_blank\" rel=\"noopener\">Proces verbal \u2013 24 octombrie 2023<\/a><\/p>\n<p><a href=\"https:\/\/capleni.ro\/wp-content\/uploads\/2025\/04\/Proces-verbal-septembrie-1.pdf\" target=\"_blank\" rel=\"noopener\">Proces verbal \u2013 5 septembrie 2023<\/a><\/p>\n<p><a href=\"https:\/\/capleni.ro\/wp-content\/uploads\/2025\/04\/Proces-verbal-electronic-1.pdf\" target=\"_blank\" rel=\"noopener\">Proces verbal \u2013 8 august 2023<\/a><\/p>\n<p><a href=\"https:\/\/capleni.ro\/wp-content\/uploads\/2025\/04\/Proces-verbal-iulie-1.pdf\" target=\"_blank\" rel=\"noopener\">Proces verbal \u2013 25 iulie 2023<\/a><\/p>\n<p><a href=\"https:\/\/capleni.ro\/wp-content\/uploads\/2025\/04\/Proces-verbal-iunie.pdf\" target=\"_blank\" rel=\"noopener\">Proces verbal \u2013 20 iunie 2023<\/a><\/p>\n<p><a href=\"https:\/\/capleni.ro\/wp-content\/uploads\/2025\/04\/Proces-verbal-19-mai.pdf\" target=\"_blank\" rel=\"noopener\">Proces verbal \u2013 19 mai 2023<\/a><\/p>\n<p><a href=\"https:\/\/capleni.ro\/wp-content\/uploads\/2025\/04\/Proces-verbal-mai.pdf\" target=\"_blank\" rel=\"noopener\">Proces verbal \u2013 10 mai 2023<\/a><\/p>\n<p><a href=\"https:\/\/capleni.ro\/wp-content\/uploads\/2025\/04\/Proces-verbal-electronic-2.pdf\" target=\"_blank\" rel=\"noopener\">Proces verbal \u2013 28 aprilie 2023<\/a><\/p>\n<p><a href=\"https:\/\/capleni.ro\/wp-content\/uploads\/2025\/04\/Proces-verbal-18-aprilie.pdf\" target=\"_blank\" rel=\"noopener\">Proces verbal \u2013 18 aprilie 2023<\/a><\/p>\n<p><a href=\"https:\/\/capleni.ro\/wp-content\/uploads\/2025\/04\/Proces-verbal-martie.pdf\" target=\"_blank\" rel=\"noopener\">Proces verbal \u2013 16 martie 2023<\/a><\/p>\n<p><a href=\"https:\/\/capleni.ro\/wp-content\/uploads\/2025\/04\/Proces-verbal-februarie-1.pdf\" target=\"_blank\" rel=\"noopener\">Proces verbal \u2013 27 februarie 2023<\/a><\/p>\n<p><a href=\"https:\/\/capleni.ro\/wp-content\/uploads\/2025\/04\/Proces-verbal-30-ianuarie.pdf\" target=\"_blank\" rel=\"noopener\">Proces verbal \u2013 30 ianuarie 2023<\/a><\/p>\n<p><a href=\"https:\/\/capleni.ro\/wp-content\/uploads\/2025\/04\/Proces-verbal-12-ianuarie.pdf\" target=\"_blank\" rel=\"noopener\">Proces verbal \u2013 12 ianuarie 2023<\/a><\/p>\n<p><a href=\"https:\/\/capleni.ro\/wp-content\/uploads\/2025\/04\/Proces-verbal-21-decembrie-2022.pdf\" target=\"_blank\" rel=\"noopener\">Proces verbal \u2013 21 decembrie 2022<\/a><\/p>\n<p><a href=\"https:\/\/capleni.ro\/wp-content\/uploads\/2025\/04\/Proces-verbal-20-decembrie-2022.pdf\" target=\"_blank\" rel=\"noopener\">Proces verbal \u2013 20 decembrie 2022<\/a><\/p>\n<p><a href=\"https:\/\/capleni.ro\/wp-content\/uploads\/2025\/04\/Proces-verbal-septembrie-electronic.pdf\" target=\"_blank\" rel=\"noopener\">Proces verbal \u2013 23 septembrie 2022<\/a><\/p>\n<p><a href=\"https:\/\/capleni.ro\/wp-content\/uploads\/2025\/04\/Proces-verbal-august-electronic-1.pdf\" target=\"_blank\" rel=\"noopener\">Proces verbal \u2013 15 august 2022<\/a><\/p>\n<p><a href=\"https:\/\/capleni.ro\/wp-content\/uploads\/2025\/04\/Proces-verbal-august.pdf\" target=\"_blank\" rel=\"noopener\">Proces verbal \u2013 5 august 2022<\/a><\/p>\n<p><a href=\"https:\/\/capleni.ro\/wp-content\/uploads\/2025\/04\/Proces-verbal-iulie-2022-2.pdf\" target=\"_blank\" rel=\"noopener\">Proces verbal \u2013 28 iulie 2022<\/a><\/p>\n<p><a href=\"https:\/\/capleni.ro\/wp-content\/uploads\/2025\/04\/Proces-verbal-iulie-2022-1.pdf\" target=\"_blank\" rel=\"noopener\">Proces verbal \u2013 5 iulie 2022<\/a><\/p>\n<p><a href=\"https:\/\/capleni.ro\/wp-content\/uploads\/2025\/04\/Proces-verbal-iunie-2022-1.pdf\" target=\"_blank\" rel=\"noopener\">Proces verbal \u2013 7 iunie 2022<\/a><\/p>\n<p><a href=\"https:\/\/capleni.ro\/wp-content\/uploads\/2025\/04\/Proces-verbal-24-mai-2022.pdf\" target=\"_blank\" rel=\"noopener\">Proces verbal \u2013 24 mai 2022<\/a><\/p>\n<p><a href=\"https:\/\/capleni.ro\/wp-content\/uploads\/2025\/04\/Proces-verbal-17-mai-2022.pdf\" target=\"_blank\" rel=\"noopener\">Proces verbal \u2013 17 mai 2022<\/a><\/p>\n<p><a href=\"https:\/\/capleni.ro\/wp-content\/uploads\/2025\/04\/Proces-verbal-aprilie-2022.pdf\" target=\"_blank\" rel=\"noopener\">Proces verbal \u2013 26 aprilie 2022<\/a><\/p>\n<p><a href=\"https:\/\/capleni.ro\/wp-content\/uploads\/2025\/04\/Proces-verbal-martie-2022.pdf\" target=\"_blank\" rel=\"noopener\">Proces verbal \u2013 17 martie 2022<\/a><\/p>\n<p><a href=\"https:\/\/capleni.ro\/wp-content\/uploads\/2025\/04\/Proces-verbal-februarie-2022.pdf\" target=\"_blank\" rel=\"noopener\">Proces verbal \u2013 8 februarie 2022<\/a><\/p>\n<p><a href=\"https:\/\/capleni.ro\/wp-content\/uploads\/2025\/04\/Minuta-februarie-2022-2.pdf\" target=\"_blank\" rel=\"noopener\">Proces verbal \u2013 8 februarie 2022<\/a><\/p>\n<p><a href=\"https:\/\/capleni.ro\/wp-content\/uploads\/2025\/04\/Minuta-februarie-2022.pdf\" target=\"_blank\" rel=\"noopener\">Proces verbal 1 februarie 2022<\/a><\/p>\n<p><a href=\"https:\/\/capleni.ro\/wp-content\/uploads\/2025\/04\/Proces-verbal-ianuarie-2022.pdf\" target=\"_blank\" rel=\"noopener\">Proces verbal 25 ianuarie 2022<\/a><\/p>\n<p><a href=\"https:\/\/capleni.ro\/wp-content\/uploads\/2025\/04\/proces-verbal-decembrie-2021.pdf\" target=\"_blank\" rel=\"noopener\">Proces verbal Nr.2077<\/a><\/p>\n<p><a href=\"https:\/\/capleni.ro\/wp-content\/uploads\/2025\/04\/Minuta-decembrie-2021.pdf\" target=\"_blank\" rel=\"noopener\">Proces verbal 28 decembrie 2021<\/a><\/p>\n<p><a href=\"https:\/\/capleni.ro\/wp-content\/uploads\/2025\/04\/Minuta-decembrie-2021-1.pdf\" target=\"_blank\" rel=\"noopener\">Proces verbal 16 decembrie 2021<\/a><\/p>\n<p><a href=\"https:\/\/capleni.ro\/wp-content\/uploads\/2025\/04\/proces-verbal-octombrie-2021.pdf\" target=\"_blank\" rel=\"noopener\">Proces verbal 19 octombrie 2021<\/a><\/p>\n<p><a href=\"https:\/\/capleni.ro\/wp-content\/uploads\/2025\/04\/Minuta-septembrie-2021.pdf\" target=\"_blank\" rel=\"noopener\">Proces verbal 24 septembrie 2021<\/a><\/p>\n<p><a href=\"https:\/\/capleni.ro\/wp-content\/uploads\/2025\/04\/proces-verbal-iulie-2021.pdf\" target=\"_blank\" rel=\"noopener\">Proces Verbal iulie 2021<\/a><\/p>\n<p><a href=\"https:\/\/capleni.ro\/wp-content\/uploads\/2025\/04\/proces-verbal-iunie-2021.pdf\" target=\"_blank\" rel=\"noopener\">Proces verbal 16 iunie 2021<\/a><\/p>\n<p><a href=\"https:\/\/capleni.ro\/wp-content\/uploads\/2025\/04\/proces-verbal-iunie-2021-scurt.pdf\" target=\"_blank\" rel=\"noopener\">Proces verbal 11 iunie 2021<\/a><\/p>\n<p><a href=\"https:\/\/capleni.ro\/wp-content\/uploads\/2025\/04\/proces-verbal-aprilie-2021.pdf\" target=\"_blank\" rel=\"noopener\">Proces verbal 20 aprilie 2021<\/a><\/p>\n<p><a href=\"https:\/\/capleni.ro\/wp-content\/uploads\/2025\/04\/Proces-verbal-19-februarie-2021.pdf\" target=\"_blank\" rel=\"noopener\">Proces verbal 19 februarie 2021<\/a><\/p>\n<p><a href=\"https:\/\/capleni.ro\/wp-content\/uploads\/2025\/04\/Proces-verbal-12-februarie-2021.pdf\" target=\"_blank\" rel=\"noopener\">Proces verbal 12 februarie 2021<\/a><\/p>\n<p><a href=\"https:\/\/capleni.ro\/wp-content\/uploads\/2025\/04\/Proces-verbal-27-ianuarie-2021.pdf\" target=\"_blank\" rel=\"noopener\">Proces verbal 27 ianuarie 2021<\/a><\/p>\n<h2>2020<\/h2>\n<p><a href=\"https:\/\/capleni.ro\/wp-content\/uploads\/2025\/04\/Proces-verbal-29-decembrie.pdf\" target=\"_blank\" rel=\"noopener\">Proces verbal 29 decembrie 2020<\/a><\/p>\n<p><a href=\"https:\/\/capleni.ro\/wp-content\/uploads\/2025\/04\/Proces-verbal-17-decembrie.pdf\" target=\"_blank\" rel=\"noopener\">Proces verbal 17 decembrie 2020<\/a><\/p>\n<p><a href=\"https:\/\/capleni.ro\/wp-content\/uploads\/2025\/04\/Proces-verbal-27-noiembrie.pdf\" target=\"_blank\" rel=\"noopener\">Proces verbal 27 noiembrie 2020<\/a><\/p>\n<p><a href=\"https:\/\/capleni.ro\/wp-content\/uploads\/2025\/04\/Proces-verbal-9-noiembrie.pdf\" target=\"_blank\" rel=\"noopener\">Proces verbal 9 noiembrie 2020<\/a><\/p>\n<p><a href=\"https:\/\/capleni.ro\/wp-content\/uploads\/2025\/04\/Proces-verbal-28-octombrie.pdf\" target=\"_blank\" rel=\"noopener\">Proces verbal 28 octombrie 2020<\/a><\/p>\n<p><a href=\"https:\/\/capleni.ro\/wp-content\/uploads\/2025\/04\/Proces-verbal-21-iulie.pdf\" target=\"_blank\" rel=\"noopener\">Proces verbal 21 iulie 2020<\/a><\/p>\n<p><a href=\"https:\/\/capleni.ro\/wp-content\/uploads\/2025\/04\/Proces-verbal-30-iunie.pdf\" target=\"_blank\" rel=\"noopener\">Proces verbal 30 iunie 2020<\/a><\/p>\n<p><a href=\"https:\/\/capleni.ro\/wp-content\/uploads\/2025\/04\/Proces-verbal-28-aprilie.pdf\" target=\"_blank\" rel=\"noopener\">Proces verbal 28 aprilie 2020<\/a><\/p>\n<p><a href=\"https:\/\/capleni.ro\/wp-content\/uploads\/2025\/04\/Proces-verbal-20-februarie.pdf\" target=\"_blank\" rel=\"noopener\">Proces verbal 20 februarie 2020<\/a><\/p>\n<p><a href=\"https:\/\/capleni.ro\/wp-content\/uploads\/2025\/04\/Proces-verbal-12-februarie.pdf\" target=\"_blank\" rel=\"noopener\">Proces verbal 12 februarie 2020<\/a><\/p>\n<p><a href=\"https:\/\/capleni.ro\/wp-content\/uploads\/2025\/04\/Proces-verbal-12-decembrie-2019.pdf\" target=\"_blank\" rel=\"noopener\">Proces verbal 12 decembrie 2019<\/a><\/p>\n<p><a href=\"https:\/\/capleni.ro\/wp-content\/uploads\/2025\/04\/Proces-verbal-26-noiembrie-2019.pdf\" target=\"_blank\" rel=\"noopener\">Proces verbal 26 noiembrie 2019<\/a><\/p>\n<p><a href=\"https:\/\/capleni.ro\/wp-content\/uploads\/2025\/04\/Proces-verbal-30-octombrie-2019.pdf\" target=\"_blank\" rel=\"noopener\">Proces verbal 30 octombrie 2019<\/a><\/p>\n<p><a href=\"https:\/\/capleni.ro\/wp-content\/uploads\/2025\/04\/Poces-verbal-24-septembrie-2019.pdf\" target=\"_blank\" rel=\"noopener\">Proces verbal 24 septembrie 2019<\/a><\/p>\n<p><a href=\"https:\/\/capleni.ro\/wp-content\/uploads\/2025\/04\/Proces-verbal-23-iulie-2019.pdf\" target=\"_blank\" rel=\"noopener\">Proces verbal 23 iulie 2019<\/a><\/p>\n<p><a href=\"https:\/\/capleni.ro\/wp-content\/uploads\/2025\/04\/Poces-verbal-27-iunie-2019.pdf\" target=\"_blank\" rel=\"noopener\">Proces verbal 27 iunie 2019<\/a><\/p>\n<p><a href=\"https:\/\/capleni.ro\/wp-content\/uploads\/2025\/04\/Poces-verbal-16-aprilie-2019.pdf\" target=\"_blank\" rel=\"noopener\">Proces verbal 16 aprilie 2019<\/a><\/p>\n<p><a href=\"https:\/\/capleni.ro\/wp-content\/uploads\/2025\/04\/Proces-verbal-26-februarei.pdf\" target=\"_blank\" rel=\"noopener\">Proces verbal 26 februare 2019<\/a><\/p>\n<h2><a href=\"https:\/\/capleni.ro\/?page_id=840\">Minute<\/a><\/h2>\n","protected":false},"excerpt":{"rendered":"<p>(Pentru vizualizare accesa\u021bi link-urile ata\u0219ate) Procese verbale Proces verbal &#8211; 19 februarie 2026 Proces verbal &#8211; 29 ianuarie 2026 Proces verbal &#8211; 29 decembrie 2025 Proces verbal &#8211; 18 decembrie 2025 Proces verbal &#8211; 11 decembrie 2025 Proces verbal &#8211; 8 decembrie 2025 Proces verbal &#8211; 20 noiembrie 2025 Proces verbal &#8211; 28 octombrie 2025 [&hellip;]<\/p>\n","protected":false},"author":1,"featured_media":0,"parent":0,"menu_order":0,"comment_status":"closed","ping_status":"closed","template":"","meta":{"footnotes":""},"class_list":["post-859","page","type-page","status-publish"],"_links":{"self":[{"href":"https:\/\/capleni.ro\/index.php?rest_route=\/wp\/v2\/pages\/859","targetHints":{"allow":["GET"]}}],"collection":[{"href":"https:\/\/capleni.ro\/index.php?rest_route=\/wp\/v2\/pages"}],"about":[{"href":"https:\/\/capleni.ro\/index.php?rest_route=\/wp\/v2\/types\/page"}],"author":[{"embeddable":true,"href":"https:\/\/capleni.ro\/index.php?rest_route=\/wp\/v2\/users\/1"}],"replies":[{"embeddable":true,"href":"https:\/\/capleni.ro\/index.php?rest_route=%2Fwp%2Fv2%2Fcomments&post=859"}],"version-history":[{"count":31,"href":"https:\/\/capleni.ro\/index.php?rest_route=\/wp\/v2\/pages\/859\/revisions"}],"predecessor-version":[{"id":5025,"href":"https:\/\/capleni.ro\/index.php?rest_route=\/wp\/v2\/pages\/859\/revisions\/5025"}],"wp:attachment":[{"href":"https:\/\/capleni.ro\/index.php?rest_route=%2Fwp%2Fv2%2Fmedia&parent=859"}],"curies":[{"name":"wp","href":"https:\/\/api.w.org\/{rel}","templated":true}]}}